{"id":16886,"date":"2017-09-18T08:50:16","date_gmt":"2017-09-18T08:50:16","guid":{"rendered":"https:\/\/xativaturismo.com\/aviso-legal\/"},"modified":"2020-09-03T20:49:48","modified_gmt":"2020-09-03T18:49:48","slug":"avis-legal","status":"publish","type":"page","link":"https:\/\/xativaturismo.com\/val\/avis-legal\/","title":{"rendered":"Av\u00eds legal"},"content":{"rendered":"[mk_page_section bg_image=&#8221;https:\/\/xativaturismo.com\/wp-content\/uploads\/2015\/12\/15.png&#8221; padding_top=&#8221;60&#8243; padding_bottom=&#8221;30&#8243; el_class=&#8221;cookies&#8221; sidebar=&#8221;sidebar-1&#8243;][vc_column][vc_column_text css=&#8221;.vc_custom_1523609926396{margin-bottom: 0px !important;}&#8221;]\n<h3 style=\"text-align: justify;\">Titularitat del lloc web<\/h3>\n<p style=\"text-align: justify;\"><b>www.xativaturismo.com<\/b>, \u00e9s un domini en internet de titularitat:<\/p>\n<div class=\"titularitat-web\" style=\"text-align: justify;\">\n<p class=\"nom-ajuntament\">Ajuntament de X\u00e0tiva<br \/>\nAlbereda Jaume I, 35<br \/>\n46800 &#8211; X\u00e0tiva<br \/>\nTel\u00e8fon: 962 28 98 00<\/p>\n<\/div>\n<p>L&#8217;Ajuntament de X\u00e0tiva, mitjan\u00e7ant aquest espai web, posa a la disposici\u00f3 dels diferents usuaris l&#8217;acc\u00e9s i utilitzaci\u00f3 de serveis i informaci\u00f3 referits tant al seu \u00e0mbit d&#8217;actuaci\u00f3 com, si es d\u00f3na el cas, proporcionats per tercers.<\/p>\n<p>Aquest lloc web i tots els seus continguts, incloent els textos, imatges, codis i qualsevol altre material, \u00e9s propietat de l&#8217;Ajuntament de X\u00e0tiva o de tercers que han autoritzat el seu \u00fas.<\/p>\n<p>La informaci\u00f3 i elements divulgats a trav\u00e9s d&#8217;aquestes p\u00e0gines es troben protegits per les lleis espanyoles i internacionals sobre Propietat Industrial i Intel\u00b7lectual. De tal mena que es prohibeix la seva reproducci\u00f3, distribuci\u00f3 i comunicaci\u00f3 p\u00fablica sense l&#8217;autoritzaci\u00f3 expressa de l&#8217;Ajuntament de X\u00e0tiva.<\/p>\n<h3 style=\"text-align: justify;\">Termes i condicions d&#8217;\u00fas<\/h3>\n<p>Es considera usuari del present lloc web qualsevol persona que hi accedeixi i l&#8217;utilitze. La condici\u00f3 d&#8217;usuari comporta la total acceptaci\u00f3 de les condicions establertes en el present Av\u00eds Legal i en les especials que puguen establir-se per a determinats serveis i utilitats. Els usuaris adquireixen el comprom\u00eds d&#8217;ajustar la seva actuaci\u00f3 a les citades condicions i a observar all\u00f2 disposat per la normativa legal, aix\u00ed com les instruccions i avisos que es posen en el seu coneixement.<\/p>\n<p>Quan sigui necess\u00e0ria la utilitzaci\u00f3 d&#8217;una contrasenya o nom d&#8217;usuari per accedir a algun contingut o servei d&#8217;aquest lloc web, l&#8217;usuari queda obligat a mantenir-la en secret i fer-ne un \u00fas diligent. En cas de p\u00e8rdua o utilitzaci\u00f3 negligent de la contrasenya, l&#8217;usuari respondr\u00e0 de la utilitzaci\u00f3 que n&#8217;hagin pogut fer terceres persones.<\/p>\n<p>Es prohibeix la reproducci\u00f3 total o parcial dels continguts d&#8217;aquesta web sense citar el seu origen o sol\u00b7licitar autoritzaci\u00f3.<\/p>\n<h5 lang=\"es-ES\">\u00das de les fotografies de xativaturismo.com<\/h5>\n<p>Queden expressament prohibides la reproducci\u00f3, la modificaci\u00f3 i la distribuci\u00f3 de la totalitat de les imatges contingudes en aquesta p\u00e0gina web, amb qualsevol finalitat, en qualsevol suport i per qualsevol mitj\u00e0 t\u00e8cnic, sense autoritzaci\u00f3 pr\u00e8via.<\/p>\n<p>L&#8217;Ajuntament de X\u00e0tiva no \u00e9s responsable del mal \u00fas que els usuaris realitzen dels continguts del seu lloc web i es reserva el dret d&#8217;actualitzar, modificar, conservar, eliminar o impedir l&#8217;acc\u00e9s a qualsevol contingut que hi aparegui o de tancar-lo sense previ av\u00eds.<\/p>\n<p style=\"text-align: justify;\">L&#8217;Ajuntament de X\u00e0tiva no \u00e9s responsable dels continguts situats fora de la seua web, en els llocs web de tercers, als quals es pugui accedir mitjan\u00e7ant enlla\u00e7os situats en el lloc web de l&#8217;Ajuntament de X\u00e0tiva. En el cas de f\u00f2rums oberts o espais d&#8217;opini\u00f3 en les seves p\u00e0gines web, l&#8217;Ajuntament de X\u00e0tiva no s&#8217;obliga a controlar les opinions o informacions abocades pels usuaris, per\u00f2 es reserva el dret a eliminar aquelles que puguen resultar contr\u00e0ries a la legalitat vigent, especialment quan impliquin una vulneraci\u00f3 dels drets i llibertats fonamentals, als bons usos i als presents termes i condicions. L&#8217;Ajuntament de X\u00e0tiva no ser\u00e0 responsable de possibles danys o perjudicis que es puguin derivar d&#8217;interfer\u00e8ncies, omissions, interrupcions, avaries o desconnexions en el funcionament operatiu d&#8217;aquest sistema electr\u00f2nic, motivades per causes alienes a l&#8217;Ajuntament de X\u00e0tiva, o com a conseq\u00fc\u00e8ncia d&#8217;ajustos o problemes t\u00e8cnics propis; aix\u00ed com de danys que puguin ser causats per virus inform\u00e0tics i per terceres persones mitjan\u00e7ant intromissions il\u00b7leg\u00edtimes fora del control de l&#8217;Ajuntament de X\u00e0tiva.<\/p>\n<div id=\"s3gt_translate_tooltip_mini\" class=\"s3gt_translate_tooltip_mini_box\" style=\"background: initial !important; border: initial !important; border-radius: initial !important; border-spacing: initial !important; border-collapse: initial !important; direction: ltr !important; flex-direction: initial !important; font-weight: initial !important; height: initial !important; letter-spacing: initial !important; min-width: initial !important; max-width: initial !important; min-height: initial !important; max-height: initial !important; margin: auto !important; outline: initial !important; padding: initial !important; position: absolute; table-layout: initial !important; text-align: initial !important; text-shadow: initial !important; width: initial !important; word-break: initial !important; word-spacing: initial !important; overflow-wrap: initial !important; box-sizing: initial !important; display: initial !important; color: inherit !important; font-size: 13px !important; font-family: X-LocaleSpecific, sans-serif, Tahoma, Helvetica !important; line-height: 13px !important; vertical-align: top !important; white-space: inherit !important; left: 87px; top: 938px; opacity: 0.4;\">\n<div id=\"s3gt_translate_tooltip_mini_logo\" class=\"s3gt_translate_tooltip_mini\" title=\"Tradueix el text seleccionat\"><\/div>\n<div id=\"s3gt_translate_tooltip_mini_sound\" class=\"s3gt_translate_tooltip_mini\" title=\"Reprodueix\"><\/div>\n<div id=\"s3gt_translate_tooltip_mini_copy\" class=\"s3gt_translate_tooltip_mini\" title=\"Copia el text al porta-retalls\"><\/div>\n<\/div>\n[\/vc_column_text][\/vc_column][\/mk_page_section]\n","protected":false},"excerpt":{"rendered":"<p>[mk_page_section bg_image=&#8221;https:\/\/xativaturismo.com\/wp-content\/uploads\/2015\/12\/15.png&#8221; padding_top=&#8221;60&#8243; padding_bottom=&#8221;30&#8243; el_class=&#8221;cookies&#8221; sidebar=&#8221;sidebar-1&#8243;][vc_column][vc_column_text css=&#8221;.vc_custom_1523609926396{margin-bottom: 0px !important;}&#8221;] Titularitat del lloc web www.xativaturismo.com, \u00e9s un domini en internet de titularitat: Ajuntament de X\u00e0tiva Albereda Jaume I, 35 46800 &#8211; [&hellip;]<\/p>\n","protected":false},"author":10,"featured_media":0,"parent":0,"menu_order":0,"comment_status":"closed","ping_status":"closed","template":"","meta":{"_price":"","_stock":"","_tribe_ticket_header":"","_tribe_default_ticket_provider":"","_ticket_start_date":"","_ticket_end_date":"","_tribe_ticket_show_description":"","_tribe_ticket_show_not_going":false,"_tribe_ticket_use_global_stock":"","_tribe_ticket_global_stock_level":"","_global_stock_mode":"","_global_stock_cap":"","_tribe_rsvp_for_event":"","_tribe_ticket_going_count":"","_tribe_ticket_not_going_count":"","_tribe_tickets_list":"[]","_tribe_ticket_has_attendee_info_fields":false,"footnotes":""},"class_list":["post-16886","page","type-page","status-publish","hentry"],"yoast_head":"<!-- This site is optimized with the Yoast SEO plugin v27.0 - https:\/\/yoast.com\/product\/yoast-seo-wordpress\/ -->\n<title>Av\u00eds legal - X\u00e0tiva Turismo<\/title>\n<meta name=\"robots\" content=\"noindex, nofollow\" \/>\n<meta property=\"og:locale\" content=\"ca_ES\" \/>\n<meta property=\"og:type\" content=\"article\" \/>\n<meta property=\"og:title\" content=\"Av\u00eds legal - X\u00e0tiva Turismo\" \/>\n<meta property=\"og:description\" content=\"[mk_page_section bg_image=&#8221;https:\/\/xativaturismo.com\/wp-content\/uploads\/2015\/12\/15.png&#8221; padding_top=&#8221;60&#8243; padding_bottom=&#8221;30&#8243; el_class=&#8221;cookies&#8221; sidebar=&#8221;sidebar-1&#8243;][vc_column][vc_column_text css=&#8221;.vc_custom_1523609926396{margin-bottom: 0px !important;}&#8221;] Titularitat del lloc web www.xativaturismo.com, \u00e9s un domini en internet de titularitat: Ajuntament de X\u00e0tiva Albereda Jaume I, 35 46800 &#8211; [&hellip;]\" \/>\n<meta property=\"og:url\" content=\"https:\/\/xativaturismo.com\/val\/avis-legal\/\" \/>\n<meta property=\"og:site_name\" content=\"X\u00e0tiva Turismo\" \/>\n<meta property=\"article:publisher\" content=\"https:\/\/www.facebook.com\/XativaTurisme\" \/>\n<meta property=\"article:modified_time\" content=\"2020-09-03T18:49:48+00:00\" \/>\n<meta property=\"og:image\" content=\"https:\/\/xativaturismo.com\/wp-content\/uploads\/2016\/01\/castell-menor-8.jpg\" \/>\n\t<meta property=\"og:image:width\" content=\"846\" \/>\n\t<meta property=\"og:image:height\" content=\"480\" \/>\n\t<meta property=\"og:image:type\" content=\"image\/jpeg\" \/>\n<meta name=\"twitter:card\" content=\"summary_large_image\" \/>\n<meta name=\"twitter:site\" content=\"@XativaTurisme\" \/>\n<meta name=\"twitter:label1\" content=\"Est. reading time\" \/>\n\t<meta name=\"twitter:data1\" content=\"3 minutes\" \/>\n<script type=\"application\/ld+json\" class=\"yoast-schema-graph\">{\"@context\":\"https:\/\/schema.org\",\"@graph\":[{\"@type\":\"WebPage\",\"@id\":\"https:\/\/xativaturismo.com\/val\/avis-legal\/\",\"url\":\"https:\/\/xativaturismo.com\/val\/avis-legal\/\",\"name\":\"Av\u00eds legal - X\u00e0tiva Turismo\",\"isPartOf\":{\"@id\":\"https:\/\/xativaturismo.com\/#website\"},\"datePublished\":\"2017-09-18T08:50:16+00:00\",\"dateModified\":\"2020-09-03T18:49:48+00:00\",\"breadcrumb\":{\"@id\":\"https:\/\/xativaturismo.com\/val\/avis-legal\/#breadcrumb\"},\"inLanguage\":\"ca\",\"potentialAction\":[{\"@type\":\"ReadAction\",\"target\":[\"https:\/\/xativaturismo.com\/val\/avis-legal\/\"]}]},{\"@type\":\"BreadcrumbList\",\"@id\":\"https:\/\/xativaturismo.com\/val\/avis-legal\/#breadcrumb\",\"itemListElement\":[{\"@type\":\"ListItem\",\"position\":1,\"name\":\"Portada\",\"item\":\"https:\/\/xativaturismo.com\/val\/\"},{\"@type\":\"ListItem\",\"position\":2,\"name\":\"Av\u00eds legal\"}]},{\"@type\":\"WebSite\",\"@id\":\"https:\/\/xativaturismo.com\/#website\",\"url\":\"https:\/\/xativaturismo.com\/\",\"name\":\"X\u00e0tiva Turismo\",\"description\":\"Bienvenidos a la oficina de Turismo de X\u00e0tiva\",\"publisher\":{\"@id\":\"https:\/\/xativaturismo.com\/#organization\"},\"potentialAction\":[{\"@type\":\"SearchAction\",\"target\":{\"@type\":\"EntryPoint\",\"urlTemplate\":\"https:\/\/xativaturismo.com\/?s={search_term_string}\"},\"query-input\":{\"@type\":\"PropertyValueSpecification\",\"valueRequired\":true,\"valueName\":\"search_term_string\"}}],\"inLanguage\":\"ca\"},{\"@type\":\"Organization\",\"@id\":\"https:\/\/xativaturismo.com\/#organization\",\"name\":\"X\u00e0tiva Turismo\",\"url\":\"https:\/\/xativaturismo.com\/\",\"logo\":{\"@type\":\"ImageObject\",\"inLanguage\":\"ca\",\"@id\":\"https:\/\/xativaturismo.com\/#\/schema\/logo\/image\/\",\"url\":\"https:\/\/xativaturismo.com\/wp-content\/uploads\/2020\/10\/logo-lila512-2.png\",\"contentUrl\":\"https:\/\/xativaturismo.com\/wp-content\/uploads\/2020\/10\/logo-lila512-2.png\",\"width\":445,\"height\":512,\"caption\":\"X\u00e0tiva Turismo\"},\"image\":{\"@id\":\"https:\/\/xativaturismo.com\/#\/schema\/logo\/image\/\"},\"sameAs\":[\"https:\/\/www.facebook.com\/XativaTurisme\",\"https:\/\/x.com\/XativaTurisme\"]}]}<\/script>\n<!-- \/ Yoast SEO plugin. -->","yoast_head_json":{"title":"Av\u00eds legal - X\u00e0tiva Turismo","robots":{"index":"noindex","follow":"nofollow"},"og_locale":"ca_ES","og_type":"article","og_title":"Av\u00eds legal - X\u00e0tiva Turismo","og_description":"[mk_page_section bg_image=&#8221;https:\/\/xativaturismo.com\/wp-content\/uploads\/2015\/12\/15.png&#8221; padding_top=&#8221;60&#8243; padding_bottom=&#8221;30&#8243; el_class=&#8221;cookies&#8221; sidebar=&#8221;sidebar-1&#8243;][vc_column][vc_column_text css=&#8221;.vc_custom_1523609926396{margin-bottom: 0px !important;}&#8221;] Titularitat del lloc web www.xativaturismo.com, \u00e9s un domini en internet de titularitat: Ajuntament de X\u00e0tiva Albereda Jaume I, 35 46800 &#8211; [&hellip;]","og_url":"https:\/\/xativaturismo.com\/val\/avis-legal\/","og_site_name":"X\u00e0tiva Turismo","article_publisher":"https:\/\/www.facebook.com\/XativaTurisme","article_modified_time":"2020-09-03T18:49:48+00:00","og_image":[{"width":846,"height":480,"url":"https:\/\/xativaturismo.com\/wp-content\/uploads\/2016\/01\/castell-menor-8.jpg","type":"image\/jpeg"}],"twitter_card":"summary_large_image","twitter_site":"@XativaTurisme","twitter_misc":{"Est. reading time":"3 minutes"},"schema":{"@context":"https:\/\/schema.org","@graph":[{"@type":"WebPage","@id":"https:\/\/xativaturismo.com\/val\/avis-legal\/","url":"https:\/\/xativaturismo.com\/val\/avis-legal\/","name":"Av\u00eds legal - X\u00e0tiva Turismo","isPartOf":{"@id":"https:\/\/xativaturismo.com\/#website"},"datePublished":"2017-09-18T08:50:16+00:00","dateModified":"2020-09-03T18:49:48+00:00","breadcrumb":{"@id":"https:\/\/xativaturismo.com\/val\/avis-legal\/#breadcrumb"},"inLanguage":"ca","potentialAction":[{"@type":"ReadAction","target":["https:\/\/xativaturismo.com\/val\/avis-legal\/"]}]},{"@type":"BreadcrumbList","@id":"https:\/\/xativaturismo.com\/val\/avis-legal\/#breadcrumb","itemListElement":[{"@type":"ListItem","position":1,"name":"Portada","item":"https:\/\/xativaturismo.com\/val\/"},{"@type":"ListItem","position":2,"name":"Av\u00eds legal"}]},{"@type":"WebSite","@id":"https:\/\/xativaturismo.com\/#website","url":"https:\/\/xativaturismo.com\/","name":"X\u00e0tiva Turismo","description":"Bienvenidos a la oficina de Turismo de X\u00e0tiva","publisher":{"@id":"https:\/\/xativaturismo.com\/#organization"},"potentialAction":[{"@type":"SearchAction","target":{"@type":"EntryPoint","urlTemplate":"https:\/\/xativaturismo.com\/?s={search_term_string}"},"query-input":{"@type":"PropertyValueSpecification","valueRequired":true,"valueName":"search_term_string"}}],"inLanguage":"ca"},{"@type":"Organization","@id":"https:\/\/xativaturismo.com\/#organization","name":"X\u00e0tiva Turismo","url":"https:\/\/xativaturismo.com\/","logo":{"@type":"ImageObject","inLanguage":"ca","@id":"https:\/\/xativaturismo.com\/#\/schema\/logo\/image\/","url":"https:\/\/xativaturismo.com\/wp-content\/uploads\/2020\/10\/logo-lila512-2.png","contentUrl":"https:\/\/xativaturismo.com\/wp-content\/uploads\/2020\/10\/logo-lila512-2.png","width":445,"height":512,"caption":"X\u00e0tiva Turismo"},"image":{"@id":"https:\/\/xativaturismo.com\/#\/schema\/logo\/image\/"},"sameAs":["https:\/\/www.facebook.com\/XativaTurisme","https:\/\/x.com\/XativaTurisme"]}]}},"_links":{"self":[{"href":"https:\/\/xativaturismo.com\/val\/wp-json\/wp\/v2\/pages\/16886","targetHints":{"allow":["GET"]}}],"collection":[{"href":"https:\/\/xativaturismo.com\/val\/wp-json\/wp\/v2\/pages"}],"about":[{"href":"https:\/\/xativaturismo.com\/val\/wp-json\/wp\/v2\/types\/page"}],"author":[{"embeddable":true,"href":"https:\/\/xativaturismo.com\/val\/wp-json\/wp\/v2\/users\/10"}],"replies":[{"embeddable":true,"href":"https:\/\/xativaturismo.com\/val\/wp-json\/wp\/v2\/comments?post=16886"}],"version-history":[{"count":0,"href":"https:\/\/xativaturismo.com\/val\/wp-json\/wp\/v2\/pages\/16886\/revisions"}],"wp:attachment":[{"href":"https:\/\/xativaturismo.com\/val\/wp-json\/wp\/v2\/media?parent=16886"}],"curies":[{"name":"wp","href":"https:\/\/api.w.org\/{rel}","templated":true}]}}