{"id":11734,"date":"2016-10-14T18:20:33","date_gmt":"2016-10-14T16:20:33","guid":{"rendered":"https:\/\/xativaturismo.com\/val\/inicio-copy\/"},"modified":"2026-04-29T15:23:47","modified_gmt":"2026-04-29T13:23:47","slug":"inicio-copy-2","status":"publish","type":"page","link":"https:\/\/xativaturismo.com\/val\/","title":{"rendered":"Inici Copy"},"content":{"rendered":"[mk_page_section min_height=&#8221;500&#8243; full_width=&#8221;true&#8221; js_vertical_centered=&#8221;true&#8221; padding_top=&#8221;0&#8243; padding_bottom=&#8221;0&#8243; el_class=&#8221;sombras&#8221; sidebar=&#8221;sidebar-1&#8243;][vc_column][mk_edge_slider first_el=&#8221;true&#8221; swiper_bg=&#8221;#ffffff&#8221; order=&#8221;ASC&#8221; orderby=&#8221;post__in&#8221; height=&#8221;100&#8243; animation_effect=&#8221;kenburned&#8221; animation_speed=&#8221;500&#8243; slideshow_speed=&#8221;9000&#8243; direction_nav=&#8221;none&#8221; slides=&#8221;768527, 9071&#8243;][vc_message color=&#8221;warning&#8221; message_box_style=&#8221;solid&#8221; style=&#8221;round&#8221; message_box_color=&#8221;warning&#8221; icon_fontawesome=&#8221;&#8221; css=&#8221;&#8221;]<strong>Informem que el&nbsp;Tren Tur\u00edstic&nbsp;es troba&nbsp;<em>avaria<\/em>t fins nou av\u00eds. El<em>&nbsp;servei<\/em>&nbsp;es dur\u00e0 a terme mitjan\u00e7ant un&nbsp;micro bus&nbsp;respectant els horaris establits.&nbsp;Disculpen les possibles mol\u00e8sties.<\/strong>[\/vc_message][vc_message color=&#8221;info&#8221; message_box_style=&#8221;solid&#8221; style=&#8221;round&#8221; css=&#8221;&#8221;]<strong>Amb motiu de la festivitat del Dia del Treballador (1 de maig), s&#8217;informa que l&#8217;acc\u00e9s per carretera en vehicle particular queda totalment restringit. Com a alternatives es troben el Tren Tur\u00edstic les eixides del qual s\u00f3n des de l&#8217;Oficina de Turisme, el servei de Bus Llan\u00e7adora des de Pla\u00e7a de L&#8217;Espanyoleto o la pujada a peu. Disculpen les possibles mol\u00e8sties.<\/strong>[\/vc_message][\/vc_column][\/mk_page_section][mk_page_section min_height=&#8221;0&#8243; js_vertical_centered=&#8221;true&#8221; padding_top=&#8221;60&#8243; padding_bottom=&#8221;60&#8243; visibility=&#8221;hidden-sm&#8221; sidebar=&#8221;sidebar-1&#8243;][vc_column][vc_custom_heading text=&#8221;Molta hist\u00f2ria per descobrir&#8221; font_container=&#8221;tag:h2|text_align:center|color:%23474747&#8243; google_fonts=&#8221;font_family:Open%20Sans%3A300%2C300italic%2Cregular%2Citalic%2C600%2C600italic%2C700%2C700italic%2C800%2C800italic|font_style:700%20bold%20regular%3A700%3Anormal&#8221;][vc_separator color=&#8221;custom&#8221; border_width=&#8221;3&#8243; el_width=&#8221;10&#8243; accent_color=&#8221;#791257&#8243; el_class=&#8221;poesia&#8221;][vc_column_text align=&#8221;center&#8221;]<span class=\"Tjaume\">\u00abAnc no vim X\u00e1tiva, e volem-la veer. E anam lla, a aquell coll agut qui \u00e9s part del castell, e veem la pus bella horta que anc hav\u00edem vista en vila ni en castell, e que hi havia m\u00e9s de dues-centes algorfes per l\u2019horta, les pus belles que hom pogu\u00e9s trobar, e les alqueries entorn de l\u2019horta, moltes e espesses, e veem encara lo Castell, tan noble e tan bell, e tan bella horta, e haguem-ne gran goig e gran alegre en nostre cor\u2026\u00bb<\/span><\/p>\n<p><span class=\"Tjaume\"><em>\u2014 Cr\u00f2nica de Jaume I \u2014<\/em><\/span>[\/vc_column_text][\/vc_column][\/mk_page_section][mk_page_section bg_image=&#8221;https:\/\/xativaturismo.com\/wp-content\/uploads\/2022\/06\/castell_slider.webp&#8221; border_color=&#8221;#ffffff&#8221; bg_position=&#8221;center center&#8221; bg_repeat=&#8221;no-repeat&#8221; bg_stretch=&#8221;true&#8221; min_height=&#8221;0&#8243; full_height=&#8221;true&#8221; padding_top=&#8221;160&#8243; top_shape_color=&#8221;#ffffff&#8221; bottom_shape_color=&#8221;#ffffff&#8221; visibility=&#8221;visible-sm&#8221; el_class=&#8221;sombras&#8221; sidebar=&#8221;sidebar-1&#8243;][vc_column][vc_custom_heading text=&#8221;EL CASTELL&#8221; font_container=&#8221;tag:h1|font_size:1.9em|text_align:center|color:%23ffffff|line_height:1.3&#8243; google_fonts=&#8221;font_family:Libre%20Baskerville%3Aregular%2Citalic%2C700|font_style:700%20bold%20regular%3A700%3Anormal&#8221; el_class=&#8221;sombras&#8221;][mk_fancy_title color=&#8221;#ffffff&#8221; size=&#8221;20&#8243; font_weight=&#8221;400&#8243; font_style=&#8221;normal&#8221; txt_transform=&#8221;none&#8221; margin_bottom=&#8221;18&#8243; font_family=&#8221;Libre+Baskerville&#8221; font_type=&#8221;google&#8221; align=&#8221;center&#8221; animation=&#8221;fade-in&#8221; el_class=&#8221;sombras&#8221;]Venda d&#8217;entrades on line[\/mk_fancy_title][mk_button corner_style=&#8221;rounded&#8221; url=&#8221;https:\/\/xativaturismo.com\/entradas-castillo\/&#8221; align=&#8221;center&#8221;]COMPRA D&#8217;ENTRADES[\/mk_button][\/vc_column][\/mk_page_section][mk_page_section bg_image=&#8221;https:\/\/xativaturismo.com\/wp-content\/uploads\/2016\/10\/movil.jpg&#8221; bg_position=&#8221;center top&#8221; bg_repeat=&#8221;no-repeat&#8221; bg_stretch=&#8221;true&#8221; min_height=&#8221;0&#8243; full_height=&#8221;true&#8221; padding_top=&#8221;160&#8243; top_shape_color=&#8221;#ffffff&#8221; bottom_shape_color=&#8221;#ffffff&#8221; visibility=&#8221;visible-sm&#8221; el_class=&#8221;sombras&#8221; sidebar=&#8221;sidebar-1&#8243;][vc_column][vc_custom_heading text=&#8221;X\u00c0TIVA&#8221; font_container=&#8221;tag:h1|font_size:1.9em|text_align:center|color:%23ffffff|line_height:1.3&#8243; google_fonts=&#8221;font_family:Libre%20Baskerville%3Aregular%2Citalic%2C700|font_style:700%20bold%20regular%3A700%3Anormal&#8221; el_class=&#8221;sombras&#8221;][mk_fancy_title color=&#8221;#ffffff&#8221; size=&#8221;20&#8243; font_weight=&#8221;400&#8243; font_style=&#8221;normal&#8221; txt_transform=&#8221;none&#8221; margin_bottom=&#8221;18&#8243; font_family=&#8221;Libre+Baskerville&#8221; font_type=&#8221;google&#8221; align=&#8221;center&#8221; animation=&#8221;fade-in&#8221; el_class=&#8221;sombras&#8221;]<em><span style=\"font-weight: 400;\">Benvinguts a la web de X\u00e0tiva Turisme<\/span><\/em>[\/mk_fancy_title][vc_icon icon_fontawesome=&#8221;fa fa-chevron-down&#8221; color=&#8221;white&#8221; background_style=&#8221;rounded-outline&#8221; background_color=&#8221;white&#8221; size=&#8221;sm&#8221; align=&#8221;center&#8221; link=&#8221;url:%23primera_movil||&#8221;][\/vc_column][\/mk_page_section][mk_page_section bg_image=&#8221;https:\/\/xativaturismo.com\/wp-content\/uploads\/2016\/01\/fira-dia-2.jpg&#8221; border_color=&#8221;#ffffff&#8221; bg_position=&#8221;center center&#8221; bg_repeat=&#8221;no-repeat&#8221; bg_stretch=&#8221;true&#8221; min_height=&#8221;0&#8243; full_height=&#8221;true&#8221; padding_top=&#8221;160&#8243; top_shape_color=&#8221;#ffffff&#8221; bottom_shape_color=&#8221;#ffffff&#8221; section_id=&#8221;actualitat-mobil-2&#8243; visibility=&#8221;hidden-sm&#8221; el_class=&#8221;sombras borde-sup&#8221; sidebar=&#8221;sidebar-1&#8243;][vc_column css=&#8221;.vc_custom_1454439657882{border-top-width: 1px !important;border-top-color: #ffffff !important;}&#8221;][vc_custom_heading text=&#8221;FIRA D&#8217;AGOST&#8221; font_container=&#8221;tag:h1|font_size:1.9em|text_align:center|color:%23ffffff|line_height:1.3&#8243; google_fonts=&#8221;font_family:Libre%20Baskerville%3Aregular%2Citalic%2C700|font_style:700%20bold%20regular%3A700%3Anormal&#8221; el_class=&#8221;sombras&#8221;][mk_fancy_title color=&#8221;#ffffff&#8221; size=&#8221;20&#8243; font_weight=&#8221;400&#8243; font_style=&#8221;normal&#8221; txt_transform=&#8221;none&#8221; margin_bottom=&#8221;18&#8243; font_family=&#8221;Libre+Baskerville&#8221; font_type=&#8221;google&#8221; align=&#8221;center&#8221; animation=&#8221;fade-in&#8221; el_class=&#8221;sombras&#8221;]\n<p id=\"fancy-title-5\" class=\"mk-fancy-title mk-animate-element fade-in simple-style color-single mk-in-viewport\"><em>Des de 1250 per privilegi de Jaume I<\/em><\/p>\n[\/mk_fancy_title][mk_button corner_style=&#8221;rounded&#8221; url=&#8221;https:\/\/xativaturismo.com\/val\/fira-de-xativa\/&#8221; align=&#8221;center&#8221;]LLEGEIX M\u00c9S[\/mk_button][\/vc_column][\/mk_page_section][mk_page_section bg_image=&#8221;https:\/\/xativaturismo.com\/wp-content\/uploads\/2018\/12\/escultura-3.jpg&#8221; bg_position=&#8221;center center&#8221; bg_repeat=&#8221;no-repeat&#8221; bg_stretch=&#8221;true&#8221; video_color_mask=&#8221;rgba(0,0,0,0.41)&#8221; min_height=&#8221;0&#8243; full_height=&#8221;true&#8221; padding_top=&#8221;160&#8243; top_shape_color=&#8221;#ffffff&#8221; bottom_shape_color=&#8221;#ffffff&#8221; visibility=&#8221;visible-sm&#8221; el_class=&#8221;sombras&#8221; sidebar=&#8221;sidebar-1&#8243;][vc_column][vc_custom_heading text=&#8221;ESPAI BORJA&#8221; font_container=&#8221;tag:h1|font_size:1.9em|text_align:center|color:%23ffffff|line_height:1.3&#8243; google_fonts=&#8221;font_family:Libre%20Baskerville%3Aregular%2Citalic%2C700|font_style:700%20bold%20regular%3A700%3Anormal&#8221; el_class=&#8221;sombras&#8221;][mk_fancy_title color=&#8221;#ffffff&#8221; size=&#8221;20&#8243; font_weight=&#8221;400&#8243; font_style=&#8221;normal&#8221; txt_transform=&#8221;none&#8221; margin_bottom=&#8221;18&#8243; font_family=&#8221;Libre+Baskerville&#8221; font_type=&#8221;google&#8221; align=&#8221;center&#8221; animation=&#8221;fade-in&#8221; el_class=&#8221;sombras&#8221;]\n<p id=\"fancy-title-3\" class=\"mk-fancy-title align-center mk-animate-element fade-in simple-style color-single mk-in-viewport\"><em>Centre d&#8217;Interpretaci\u00f3<\/em><\/p>\n[\/mk_fancy_title][mk_button corner_style=&#8221;rounded&#8221; url=&#8221;https:\/\/xativaturismo.com\/val\/territori-borja\/&#8221; align=&#8221;center&#8221;]LLEGEIX M\u00c9S[\/mk_button][\/vc_column][\/mk_page_section][mk_page_section bg_image=&#8221;https:\/\/xativaturismo.com\/wp-content\/uploads\/2016\/10\/danza-01-2.jpg&#8221; border_color=&#8221;#ffffff&#8221; bg_position=&#8221;center center&#8221; bg_repeat=&#8221;no-repeat&#8221; bg_stretch=&#8221;true&#8221; min_height=&#8221;0&#8243; full_height=&#8221;true&#8221; padding_top=&#8221;160&#8243; top_shape_color=&#8221;#ffffff&#8221; bottom_shape_color=&#8221;#ffffff&#8221; visibility=&#8221;visible-sm&#8221; el_class=&#8221;sombras&#8221; sidebar=&#8221;sidebar-1&#8243;][vc_column css=&#8221;.vc_custom_1454439657882{border-top-width: 1px !important;border-top-color: #ffffff !important;}&#8221;][vc_custom_heading text=&#8221;CULTURA I ARRELS&#8221; font_container=&#8221;tag:h1|font_size:1.9em|text_align:center|color:%23ffffff|line_height:1.3&#8243; google_fonts=&#8221;font_family:Libre%20Baskerville%3Aregular%2Citalic%2C700|font_style:700%20bold%20regular%3A700%3Anormal&#8221; el_class=&#8221;sombras&#8221;][mk_fancy_title color=&#8221;#ffffff&#8221; size=&#8221;20&#8243; font_weight=&#8221;400&#8243; font_style=&#8221;normal&#8221; txt_transform=&#8221;none&#8221; margin_bottom=&#8221;18&#8243; font_family=&#8221;Libre+Baskerville&#8221; font_type=&#8221;google&#8221; align=&#8221;center&#8221; animation=&#8221;fade-in&#8221; el_class=&#8221;sombras&#8221;]<em>Un patrimoni cultural ric i divers<\/em>[\/mk_fancy_title][mk_button corner_style=&#8221;rounded&#8221; url=&#8221;https:\/\/xativaturismo.com\/val\/cultura-i-arrels\/&#8221; align=&#8221;center&#8221;]LLEGEIX M\u00c9S[\/mk_button][\/vc_column][\/mk_page_section][mk_page_section bg_image=&#8221;https:\/\/xativaturismo.com\/wp-content\/uploads\/2016\/01\/hospital-gente-2-1.jpg&#8221; bg_position=&#8221;right center&#8221; bg_repeat=&#8221;no-repeat&#8221; bg_stretch=&#8221;true&#8221; min_height=&#8221;0&#8243; full_height=&#8221;true&#8221; padding_top=&#8221;160&#8243; top_shape_color=&#8221;#ffffff&#8221; bottom_shape_color=&#8221;#ffffff&#8221; visibility=&#8221;visible-sm&#8221; el_class=&#8221;sombras&#8221; sidebar=&#8221;sidebar-1&#8243;][vc_column][vc_custom_heading text=&#8221;X\u00c0TIVA MONUMENTAL&#8221; font_container=&#8221;tag:h1|font_size:1.9em|text_align:center|color:%23ffffff|line_height:1.3&#8243; google_fonts=&#8221;font_family:Libre%20Baskerville%3Aregular%2Citalic%2C700|font_style:700%20bold%20regular%3A700%3Anormal&#8221; el_class=&#8221;sombras&#8221;][mk_fancy_title color=&#8221;#ffffff&#8221; size=&#8221;20&#8243; font_weight=&#8221;400&#8243; font_style=&#8221;normal&#8221; txt_transform=&#8221;none&#8221; margin_bottom=&#8221;18&#8243; font_family=&#8221;Libre+Baskerville&#8221; font_type=&#8221;google&#8221; align=&#8221;center&#8221; animation=&#8221;fade-in&#8221; el_class=&#8221;sombras&#8221;]<em>Descobriu una ciutat de llegendes<\/em>[\/mk_fancy_title][mk_button corner_style=&#8221;rounded&#8221; url=&#8221;https:\/\/xativaturismo.com\/val\/xativa-monumental\/&#8221; align=&#8221;center&#8221;]LLEGEIX M\u00c9S[\/mk_button][\/vc_column][\/mk_page_section][mk_page_section bg_image=&#8221;https:\/\/xativaturismo.com\/wp-content\/uploads\/2016\/01\/ruta-borja-2.jpg&#8221; border_color=&#8221;#ffffff&#8221; bg_position=&#8221;right top&#8221; bg_repeat=&#8221;no-repeat&#8221; bg_stretch=&#8221;true&#8221; min_height=&#8221;0&#8243; full_height=&#8221;true&#8221; padding_top=&#8221;160&#8243; top_shape_color=&#8221;#ffffff&#8221; bottom_shape_color=&#8221;#ffffff&#8221; section_id=&#8221;primera_movil&#8221; visibility=&#8221;visible-sm&#8221; el_class=&#8221;sombras&#8221; sidebar=&#8221;sidebar-1&#8243;][vc_column][vc_custom_heading text=&#8221;LA CIUTAT DELS BORJA&#8221; font_container=&#8221;tag:h1|font_size:1.9em|text_align:center|color:%23ffffff|line_height:1.3&#8243; google_fonts=&#8221;font_family:Libre%20Baskerville%3Aregular%2Citalic%2C700|font_style:700%20bold%20regular%3A700%3Anormal&#8221; el_class=&#8221;sombras&#8221;][mk_fancy_title color=&#8221;#ffffff&#8221; size=&#8221;20&#8243; font_weight=&#8221;400&#8243; font_style=&#8221;normal&#8221; txt_transform=&#8221;none&#8221; margin_bottom=&#8221;18&#8243; font_family=&#8221;Libre+Baskerville&#8221; font_type=&#8221;google&#8221; align=&#8221;center&#8221; animation=&#8221;fade-in&#8221; el_class=&#8221;sombras&#8221;]\n<p id=\"fancy-title-4\" class=\"mk-fancy-title simple-style color-single\"><em>El ric llegat d\u2019una fam\u00edlia del renaixement<\/em><\/p>\n[\/mk_fancy_title][mk_button corner_style=&#8221;rounded&#8221; url=&#8221;https:\/\/xativaturismo.com\/val\/la-ciutat-dels-borja\/&#8221; align=&#8221;center&#8221;]LLEGEIX M\u00c9S[\/mk_button][\/vc_column][\/mk_page_section][mk_page_section bg_image=&#8221;https:\/\/xativaturismo.com\/wp-content\/uploads\/2016\/01\/a_forn-2-1.jpg&#8221; bg_position=&#8221;center center&#8221; bg_repeat=&#8221;no-repeat&#8221; bg_stretch=&#8221;true&#8221; min_height=&#8221;0&#8243; full_height=&#8221;true&#8221; padding_top=&#8221;160&#8243; top_shape_color=&#8221;#ffffff&#8221; bottom_shape_color=&#8221;#ffffff&#8221; visibility=&#8221;visible-sm&#8221; el_class=&#8221;sombras&#8221; sidebar=&#8221;sidebar-1&#8243;][vc_column][vc_custom_heading text=&#8221;GASTRONOMIA&#8221; font_container=&#8221;tag:h1|font_size:1.9em|text_align:center|color:%23ffffff|line_height:1.3&#8243; google_fonts=&#8221;font_family:Libre%20Baskerville%3Aregular%2Citalic%2C700|font_style:700%20bold%20regular%3A700%3Anormal&#8221; el_class=&#8221;sombras&#8221;][mk_fancy_title color=&#8221;#ffffff&#8221; size=&#8221;20&#8243; font_weight=&#8221;400&#8243; font_style=&#8221;normal&#8221; txt_transform=&#8221;none&#8221; margin_bottom=&#8221;18&#8243; font_family=&#8221;Libre+Baskerville&#8221; font_type=&#8221;google&#8221; align=&#8221;center&#8221; animation=&#8221;fade-in&#8221; el_class=&#8221;sombras&#8221;]\n<div id=\"tw-target-text-container\" class=\"tw-ta-container hide-focus-ring tw-nfl\">\n<p id=\"tw-target-text\" class=\"tw-data-text tw-text-large XcVN5d tw-ta\" dir=\"ltr\" data-placeholder=\"Traducci\u00f3\"><em><span lang=\"ca\">Cuina essencialment mediterr\u00e0nia<\/span><\/em><\/p>\n<\/div>\n<div id=\"tw-target-rmn-container\" class=\"tw-ta-container hide-focus-ring tw-nfl\">\n<p id=\"tw-target-rmn\" class=\"tw-data-placeholder tw-text-small tw-ta\" dir=\"ltr\">\n<\/div>\n[\/mk_fancy_title][mk_button corner_style=&#8221;rounded&#8221; url=&#8221;https:\/\/xativaturismo.com\/val\/gastronomia-xativa\/&#8221; align=&#8221;center&#8221;]LLEGEIX M\u00c9S[\/mk_button][\/vc_column][\/mk_page_section][mk_page_section bg_image=&#8221;https:\/\/xativaturismo.com\/wp-content\/uploads\/2016\/01\/nocturnas-22-1.jpg&#8221; bg_position=&#8221;center top&#8221; bg_repeat=&#8221;no-repeat&#8221; bg_stretch=&#8221;true&#8221; min_height=&#8221;0&#8243; full_height=&#8221;true&#8221; padding_top=&#8221;160&#8243; top_shape_color=&#8221;#ffffff&#8221; bottom_shape_color=&#8221;#ffffff&#8221; visibility=&#8221;visible-sm&#8221; el_class=&#8221;sombras&#8221; sidebar=&#8221;sidebar-1&#8243;][vc_column][vc_custom_heading text=&#8221;VIU LA CIUTAT&#8221; font_container=&#8221;tag:h1|font_size:1.9em|text_align:center|color:%23ffffff|line_height:1.3&#8243; google_fonts=&#8221;font_family:Libre%20Baskerville%3Aregular%2Citalic%2C700|font_style:700%20bold%20regular%3A700%3Anormal&#8221; el_class=&#8221;sombras&#8221;][mk_fancy_title color=&#8221;#ffffff&#8221; size=&#8221;20&#8243; font_weight=&#8221;400&#8243; font_style=&#8221;normal&#8221; txt_transform=&#8221;none&#8221; margin_bottom=&#8221;18&#8243; font_family=&#8221;Libre+Baskerville&#8221; font_type=&#8221;google&#8221; align=&#8221;center&#8221; animation=&#8221;fade-in&#8221; el_class=&#8221;sombras&#8221;]<em><span style=\"font-weight: 400;\">Viu i estima X\u00e0tiva<\/span><\/em>[\/mk_fancy_title][mk_button corner_style=&#8221;rounded&#8221; url=&#8221;https:\/\/xativaturismo.com\/val\/viu-la-ciutat\/&#8221; align=&#8221;center&#8221;]LLEGEIX M\u00c9S[\/mk_button][\/vc_column][\/mk_page_section][mk_page_section bg_image=&#8221;https:\/\/xativaturismo.com\/wp-content\/uploads\/2015\/12\/Sant-Feliu-2-1.jpg&#8221; border_color=&#8221;#ffffff&#8221; bg_position=&#8221;center center&#8221; bg_repeat=&#8221;no-repeat&#8221; bg_stretch=&#8221;true&#8221; min_height=&#8221;0&#8243; full_height=&#8221;true&#8221; padding_top=&#8221;160&#8243; top_shape_color=&#8221;#ffffff&#8221; bottom_shape_color=&#8221;#ffffff&#8221; section_id=&#8221;primera_movil&#8221; visibility=&#8221;visible-sm&#8221; el_class=&#8221;sombras&#8221; sidebar=&#8221;sidebar-1&#8243;][vc_column][vc_custom_heading text=&#8221;SANT FELIU&#8221; font_container=&#8221;tag:h1|font_size:1.9em|text_align:center|color:%23ffffff|line_height:1.3&#8243; google_fonts=&#8221;font_family:Libre%20Baskerville%3Aregular%2Citalic%2C700|font_style:700%20bold%20regular%3A700%3Anormal&#8221; el_class=&#8221;sombras&#8221;][mk_fancy_title color=&#8221;#ffffff&#8221; size=&#8221;20&#8243; font_weight=&#8221;400&#8243; font_style=&#8221;normal&#8221; txt_transform=&#8221;none&#8221; margin_bottom=&#8221;18&#8243; font_family=&#8221;Libre+Baskerville&#8221; font_type=&#8221;google&#8221; align=&#8221;center&#8221; animation=&#8221;fade-in&#8221; el_class=&#8221;sombras&#8221;]<em>L&#8217;esgl\u00e9sia m\u00e9s antiga de X\u00e0tiva<\/em>[\/mk_fancy_title][mk_button corner_style=&#8221;rounded&#8221; url=&#8221;https:\/\/xativaturismo.com\/val\/sant_feliu\/&#8221; align=&#8221;center&#8221;]LLEGEIX M\u00c9S[\/mk_button][\/vc_column][\/mk_page_section][mk_page_section bg_image=&#8221;https:\/\/xativaturismo.com\/wp-content\/uploads\/2015\/11\/estret.jpg&#8221; bg_position=&#8221;center center&#8221; bg_repeat=&#8221;no-repeat&#8221; bg_stretch=&#8221;true&#8221; min_height=&#8221;0&#8243; full_height=&#8221;true&#8221; padding_top=&#8221;160&#8243; top_shape_color=&#8221;#ffffff&#8221; bottom_shape_color=&#8221;#ffffff&#8221; visibility=&#8221;visible-sm&#8221; el_class=&#8221;sombras&#8221; sidebar=&#8221;sidebar-1&#8243;][vc_column][vc_custom_heading text=&#8221;UN PAISATGE AMB HISTORIA&#8221; font_container=&#8221;tag:h1|font_size:1.9em|text_align:center|color:%23ffffff|line_height:1.3&#8243; google_fonts=&#8221;font_family:Libre%20Baskerville%3Aregular%2Citalic%2C700|font_style:700%20bold%20regular%3A700%3Anormal&#8221; el_class=&#8221;sombras&#8221;][mk_fancy_title color=&#8221;#ffffff&#8221; size=&#8221;20&#8243; font_weight=&#8221;400&#8243; font_style=&#8221;normal&#8221; txt_transform=&#8221;none&#8221; margin_bottom=&#8221;18&#8243; font_family=&#8221;Libre+Baskerville&#8221; font_type=&#8221;google&#8221; align=&#8221;center&#8221; animation=&#8221;fade-in&#8221; el_class=&#8221;sombras&#8221;]\n<p id=\"fancy-title-5\" class=\"mk-fancy-title mk-animate-element fade-in simple-style color-single mk-in-viewport\"><em>Rere les passes del Neandertal<\/em><\/p>\n<p><em>\u00a0<\/em>[\/mk_fancy_title][mk_button corner_style=&#8221;rounded&#8221; url=&#8221;https:\/\/xativaturismo.com\/val\/cova-negra\/&#8221; align=&#8221;center&#8221;]LLEGEIX M\u00c9S[\/mk_button][\/vc_column][\/mk_page_section][mk_page_section bg_image=&#8221;https:\/\/xativaturismo.com\/wp-content\/uploads\/2016\/01\/la-nevera-22.jpg&#8221; border_color=&#8221;#ffffff&#8221; bg_position=&#8221;center center&#8221; bg_repeat=&#8221;no-repeat&#8221; bg_stretch=&#8221;true&#8221; min_height=&#8221;0&#8243; full_height=&#8221;true&#8221; padding_top=&#8221;160&#8243; top_shape_color=&#8221;#ffffff&#8221; bottom_shape_color=&#8221;#ffffff&#8221; visibility=&#8221;visible-sm&#8221; el_class=&#8221;sombras&#8221; sidebar=&#8221;sidebar-1&#8243;][vc_column][vc_custom_heading text=&#8221;X\u00c0TIVA ANTIGA&#8221; font_container=&#8221;tag:h1|font_size:1.9em|text_align:center|color:%23ffffff|line_height:1.3&#8243; google_fonts=&#8221;font_family:Libre%20Baskerville%3Aregular%2Citalic%2C700|font_style:700%20bold%20regular%3A700%3Anormal&#8221; el_class=&#8221;sombras&#8221;][mk_fancy_title color=&#8221;#ffffff&#8221; size=&#8221;20&#8243; font_weight=&#8221;400&#8243; font_style=&#8221;normal&#8221; txt_transform=&#8221;none&#8221; margin_bottom=&#8221;18&#8243; font_family=&#8221;Libre+Baskerville&#8221; font_type=&#8221;google&#8221; align=&#8221;center&#8221; animation=&#8221;fade-in&#8221; el_class=&#8221;sombras&#8221;]\n<p id=\"fancy-title-5\" class=\"mk-fancy-title mk-animate-element fade-in simple-style color-single mk-in-viewport\"><em>Un passeig pels or\u00edgens<\/em><\/p>\n[\/mk_fancy_title][mk_button corner_style=&#8221;rounded&#8221; url=&#8221;https:\/\/xativaturismo.com\/val\/xativa-antiga\/&#8221; align=&#8221;center&#8221;]LLEGEIX M\u00c9S[\/mk_button][\/vc_column][\/mk_page_section][mk_page_section bg_image=&#8221;https:\/\/xativaturismo.com\/wp-content\/uploads\/2016\/03\/muralles-castell-menor.jpg&#8221; border_color=&#8221;#ffffff&#8221; bg_position=&#8221;center center&#8221; bg_repeat=&#8221;no-repeat&#8221; bg_stretch=&#8221;true&#8221; video_color_mask=&#8221;#000000&#8243; video_opacity=&#8221;0.4&#8243; min_height=&#8221;500&#8243; full_height=&#8221;true&#8221; padding_top=&#8221;0&#8243; padding_bottom=&#8221;0&#8243; section_id=&#8221;a2&#8243; visibility=&#8221;hidden-sm&#8221; el_class=&#8221;sombras&#8221; sidebar=&#8221;sidebar-1&#8243;][vc_column][vc_custom_heading text=&#8221;CASTELL DE X\u00c0TIVA&#8221; font_container=&#8221;tag:h1|font_size:2.8em|text_align:center|color:%23ffffff|line_height:1.3&#8243; google_fonts=&#8221;font_family:Libre%20Baskerville%3Aregular%2Citalic%2C700|font_style:700%20bold%20regular%3A700%3Anormal&#8221; el_class=&#8221;sombras&#8221;][vc_separator color=&#8221;white&#8221; border_width=&#8221;3&#8243; el_width=&#8221;10&#8243; el_class=&#8221;sombras&#8221;][mk_fancy_title color=&#8221;#ffffff&#8221; size=&#8221;24&#8243; font_weight=&#8221;400&#8243; font_style=&#8221;normal&#8221; txt_transform=&#8221;none&#8221; font_family=&#8221;Libre+Baskerville&#8221; font_type=&#8221;google&#8221; align=&#8221;center&#8221; animation=&#8221;fade-in&#8221; el_class=&#8221;sombras&#8221;]\n<p id=\"fancy-title-84\" class=\"mk-fancy-title mk-animate-element fade-in simple-style sombras color-single mk-in-viewport\"><em>Venda on line d&#8217;entrades del Castell de X\u00e0tiva<\/em><\/p>\n[\/mk_fancy_title][mk_button corner_style=&#8221;rounded&#8221; size=&#8221;large&#8221; url=&#8221;https:\/\/xativaturismo.com\/entradas-castillo\/&#8221; align=&#8221;center&#8221;]COMPRA D&#8217;ENTRADES[\/mk_button][vc_icon icon_fontawesome=&#8221;fa fa-chevron-down&#8221; color=&#8221;custom&#8221; size=&#8221;lg&#8221; align=&#8221;center&#8221; css=&#8221;.vc_custom_1457051774089{padding-top: 30px !important;}&#8221; custom_color=&#8221;#ffffff&#8221; link=&#8221;url:%23a3||&#8221; el_class=&#8221;sombras&#8221;][\/vc_column][\/mk_page_section][mk_page_section bg_image=&#8221;https:\/\/xativaturismo.com\/wp-content\/uploads\/2015\/11\/ferran-VII-2.jpg&#8221; bg_position=&#8221;center center&#8221; bg_repeat=&#8221;no-repeat&#8221; bg_stretch=&#8221;true&#8221; min_height=&#8221;500&#8243; full_height=&#8221;true&#8221; padding_top=&#8221;0&#8243; padding_bottom=&#8221;0&#8243; section_id=&#8221;primera&#8221; visibility=&#8221;hidden-sm&#8221; el_class=&#8221;sombras&#8221; sidebar=&#8221;sidebar-1&#8243;][vc_column][vc_custom_heading text=&#8221;MUSEU DE BELLES ARTS&#8221; font_container=&#8221;tag:h1|font_size:2.8em|text_align:center|color:%23ffffff|line_height:1.3&#8243; google_fonts=&#8221;font_family:Libre%20Baskerville%3Aregular%2Citalic%2C700|font_style:700%20bold%20regular%3A700%3Anormal&#8221; el_class=&#8221;sombras&#8221;][vc_separator color=&#8221;white&#8221; border_width=&#8221;3&#8243; el_width=&#8221;10&#8243; el_class=&#8221;sombras&#8221;][mk_fancy_title color=&#8221;#ffffff&#8221; size=&#8221;24&#8243; font_weight=&#8221;400&#8243; font_style=&#8221;normal&#8221; txt_transform=&#8221;none&#8221; font_family=&#8221;Libre+Baskerville&#8221; font_type=&#8221;google&#8221; align=&#8221;center&#8221; animation=&#8221;fade-in&#8221; el_class=&#8221;sombras&#8221;]\n<p id=\"fancy-title-5\" class=\"mk-fancy-title simple-style color-single\"><em>Una col\u00b7lecci\u00f3 excepcional troba el seu espai<\/em><\/p>\n[\/mk_fancy_title][mk_button corner_style=&#8221;rounded&#8221; size=&#8221;large&#8221; url=&#8221;https:\/\/xativaturismo.com\/val\/museu-de-belles-arts\/&#8221; align=&#8221;center&#8221;]LLEGEIX M\u00c9S[\/mk_button][vc_icon icon_fontawesome=&#8221;fa fa-chevron-down&#8221; color=&#8221;custom&#8221; size=&#8221;lg&#8221; align=&#8221;center&#8221; css=&#8221;.vc_custom_1490006904367{padding-top: 30px !important;}&#8221; custom_color=&#8221;#ffffff&#8221; link=&#8221;url:%23a2|||&#8221; el_class=&#8221;sombras&#8221;][\/vc_column][\/mk_page_section][mk_page_section bg_image=&#8221;https:\/\/xativaturismo.com\/wp-content\/uploads\/2016\/01\/la-nevera-22.jpg&#8221; bg_position=&#8221;center center&#8221; bg_repeat=&#8221;no-repeat&#8221; bg_stretch=&#8221;true&#8221; min_height=&#8221;500&#8243; full_height=&#8221;true&#8221; padding_top=&#8221;0&#8243; padding_bottom=&#8221;0&#8243; section_id=&#8221;a3&#8243; visibility=&#8221;hidden-sm&#8221; el_class=&#8221;sombras&#8221; sidebar=&#8221;sidebar-1&#8243;][vc_column][vc_custom_heading text=&#8221;X\u00c0TIVA ANTIGA&#8221; font_container=&#8221;tag:h1|font_size:2.8em|text_align:center|color:%23ffffff|line_height:1.3&#8243; google_fonts=&#8221;font_family:Libre%20Baskerville%3Aregular%2Citalic%2C700|font_style:700%20bold%20regular%3A700%3Anormal&#8221; el_class=&#8221;sombras&#8221;][vc_separator color=&#8221;white&#8221; border_width=&#8221;3&#8243; el_width=&#8221;10&#8243; el_class=&#8221;sombras&#8221;][mk_fancy_title color=&#8221;#ffffff&#8221; size=&#8221;24&#8243; font_weight=&#8221;400&#8243; font_style=&#8221;normal&#8221; txt_transform=&#8221;none&#8221; font_family=&#8221;Libre+Baskerville&#8221; font_type=&#8221;google&#8221; align=&#8221;center&#8221; animation=&#8221;fade-in&#8221; el_class=&#8221;sombras&#8221;]\n<p id=\"fancy-title-5\" class=\"mk-fancy-title mk-animate-element fade-in simple-style color-single mk-in-viewport\"><em>Un passeig pels or\u00edgens<\/em><\/p>\n[\/mk_fancy_title][mk_button corner_style=&#8221;rounded&#8221; size=&#8221;large&#8221; url=&#8221;https:\/\/xativaturismo.com\/val\/xativa-antiga\/&#8221; align=&#8221;center&#8221; margin_bottom=&#8221;10&#8243;]LLEGEIX M\u00c9S[\/mk_button][vc_icon icon_fontawesome=&#8221;fa fa-chevron-down&#8221; color=&#8221;custom&#8221; size=&#8221;lg&#8221; align=&#8221;center&#8221; css=&#8221;.vc_custom_1490006970013{padding-top: 30px !important;}&#8221; custom_color=&#8221;#ffffff&#8221; link=&#8221;url:%23a4|||&#8221; el_class=&#8221;sombras&#8221;][\/vc_column][\/mk_page_section]\n","protected":false},"excerpt":{"rendered":"<p>[mk_page_section min_height=&#8221;500&#8243; full_width=&#8221;true&#8221; js_vertical_centered=&#8221;true&#8221; padding_top=&#8221;0&#8243; padding_bottom=&#8221;0&#8243; el_class=&#8221;sombras&#8221; sidebar=&#8221;sidebar-1&#8243;][vc_column][mk_edge_slider first_el=&#8221;true&#8221; swiper_bg=&#8221;#ffffff&#8221; order=&#8221;ASC&#8221; orderby=&#8221;post__in&#8221; height=&#8221;100&#8243; animation_effect=&#8221;kenburned&#8221; animation_speed=&#8221;500&#8243; slideshow_speed=&#8221;9000&#8243; direction_nav=&#8221;none&#8221; slides=&#8221;768527, 9071&#8243;][vc_message color=&#8221;warning&#8221; message_box_style=&#8221;solid&#8221; style=&#8221;round&#8221; message_box_color=&#8221;warning&#8221; icon_fontawesome=&#8221;&#8221; css=&#8221;&#8221;]Informem que el&nbsp;Tren Tur\u00edstic&nbsp;es troba&nbsp;avariat fins [&hellip;]<\/p>\n","protected":false},"author":10,"featured_media":8031,"parent":0,"menu_order":0,"comment_status":"closed","ping_status":"closed","template":"","meta":{"_price":"","_stock":"","_tribe_ticket_header":"","_tribe_default_ticket_provider":"","_ticket_start_date":"","_ticket_end_date":"","_tribe_ticket_show_description":"","_tribe_ticket_show_not_going":false,"_tribe_ticket_use_global_stock":"","_tribe_ticket_global_stock_level":"","_global_stock_mode":"","_global_stock_cap":"","_tribe_rsvp_for_event":"","_tribe_ticket_going_count":"","_tribe_ticket_not_going_count":"","_tribe_tickets_list":"[]","_tribe_ticket_has_attendee_info_fields":false,"footnotes":""},"class_list":["post-11734","page","type-page","status-publish","has-post-thumbnail","hentry"],"yoast_head":"<!-- This site is optimized with the Yoast SEO plugin v27.0 - https:\/\/yoast.com\/product\/yoast-seo-wordpress\/ -->\n<title>X\u00e0tiva Turisme - Una ciutat per sentir la hist\u00f2ria<\/title>\n<meta name=\"description\" content=\"P\u00e0gina oficial de X\u00e0tiva Turisme. Informaci\u00f3 i guia per descobrir una ciutat declarada Conjunt Hist\u00f2ric Art\u00edstic.\" \/>\n<meta name=\"robots\" content=\"index, follow, max-snippet:-1, max-image-preview:large, max-video-preview:-1\" \/>\n<link rel=\"canonical\" href=\"https:\/\/xativaturismo.com\/val\/\" \/>\n<meta property=\"og:locale\" content=\"ca_ES\" \/>\n<meta property=\"og:type\" content=\"article\" \/>\n<meta property=\"og:title\" content=\"X\u00e0tiva Turisme - Una ciutat per sentir la historia\" \/>\n<meta property=\"og:description\" content=\"P\u00e0gina oficial de X\u00e0tiva Turisme. Informaci\u00f3 i guia per descobrir una ciutat declarada Conjunt Hist\u00f2ric Art\u00edstic.\" \/>\n<meta property=\"og:url\" content=\"https:\/\/xativaturismo.com\/val\/\" \/>\n<meta property=\"og:site_name\" content=\"X\u00e0tiva Turismo\" \/>\n<meta property=\"article:publisher\" content=\"https:\/\/www.facebook.com\/XativaTurisme\" \/>\n<meta property=\"article:modified_time\" content=\"2026-04-29T13:23:47+00:00\" \/>\n<meta property=\"og:image\" content=\"https:\/\/xativaturismo.com\/wp-content\/uploads\/2016\/01\/castell-menor-8.jpg\" \/>\n\t<meta property=\"og:image:width\" content=\"846\" \/>\n\t<meta property=\"og:image:height\" content=\"480\" \/>\n\t<meta property=\"og:image:type\" content=\"image\/jpeg\" \/>\n<meta name=\"twitter:card\" content=\"summary_large_image\" \/>\n<meta name=\"twitter:title\" content=\"X\u00e0tiva Turisme - Una ciutat per sentir la hist\u00f2ria\" \/>\n<meta name=\"twitter:description\" content=\"P\u00e0gina oficial de X\u00e0tiva Turisme. Informaci\u00f3 i guia per descobrir una ciutat declarada Conjunt Hist\u00f2ric Art\u00edstic.\" \/>\n<meta name=\"twitter:image\" content=\"https:\/\/xativaturismo.com\/wp-content\/uploads\/2016\/01\/portada-web.jpg\" \/>\n<meta name=\"twitter:site\" content=\"@XativaTurisme\" \/>\n<meta name=\"twitter:label1\" content=\"Est. reading time\" \/>\n\t<meta name=\"twitter:data1\" content=\"5 minutes\" \/>\n<script type=\"application\/ld+json\" class=\"yoast-schema-graph\">{\"@context\":\"https:\/\/schema.org\",\"@graph\":[{\"@type\":\"WebPage\",\"@id\":\"https:\/\/xativaturismo.com\/val\/\",\"url\":\"https:\/\/xativaturismo.com\/val\/\",\"name\":\"X\u00e0tiva Turisme - Una ciutat per sentir la hist\u00f2ria\",\"isPartOf\":{\"@id\":\"https:\/\/xativaturismo.com\/#website\"},\"primaryImageOfPage\":{\"@id\":\"https:\/\/xativaturismo.com\/val\/#primaryimage\"},\"image\":{\"@id\":\"https:\/\/xativaturismo.com\/val\/#primaryimage\"},\"thumbnailUrl\":\"https:\/\/xativaturismo.com\/wp-content\/uploads\/2016\/01\/panoramica-02-2.jpg\",\"datePublished\":\"2016-10-14T16:20:33+00:00\",\"dateModified\":\"2026-04-29T13:23:47+00:00\",\"description\":\"P\u00e0gina oficial de X\u00e0tiva Turisme. Informaci\u00f3 i guia per descobrir una ciutat declarada Conjunt Hist\u00f2ric Art\u00edstic.\",\"breadcrumb\":{\"@id\":\"https:\/\/xativaturismo.com\/val\/#breadcrumb\"},\"inLanguage\":\"ca\",\"potentialAction\":[{\"@type\":\"ReadAction\",\"target\":[\"https:\/\/xativaturismo.com\/val\/\"]}]},{\"@type\":\"ImageObject\",\"inLanguage\":\"ca\",\"@id\":\"https:\/\/xativaturismo.com\/val\/#primaryimage\",\"url\":\"https:\/\/xativaturismo.com\/wp-content\/uploads\/2016\/01\/panoramica-02-2.jpg\",\"contentUrl\":\"https:\/\/xativaturismo.com\/wp-content\/uploads\/2016\/01\/panoramica-02-2.jpg\",\"width\":1598,\"height\":906,\"caption\":\"Vista panor\u00e0mica de X\u00e0tiva - X\u00e0tiva Turisme\"},{\"@type\":\"BreadcrumbList\",\"@id\":\"https:\/\/xativaturismo.com\/val\/#breadcrumb\",\"itemListElement\":[{\"@type\":\"ListItem\",\"position\":1,\"name\":\"Portada\",\"item\":\"https:\/\/xativaturismo.com\/val\/\"},{\"@type\":\"ListItem\",\"position\":2,\"name\":\"Inici Copy\"}]},{\"@type\":\"WebSite\",\"@id\":\"https:\/\/xativaturismo.com\/#website\",\"url\":\"https:\/\/xativaturismo.com\/\",\"name\":\"X\u00e0tiva Turismo\",\"description\":\"Bienvenidos a la oficina de Turismo de X\u00e0tiva\",\"publisher\":{\"@id\":\"https:\/\/xativaturismo.com\/#organization\"},\"potentialAction\":[{\"@type\":\"SearchAction\",\"target\":{\"@type\":\"EntryPoint\",\"urlTemplate\":\"https:\/\/xativaturismo.com\/?s={search_term_string}\"},\"query-input\":{\"@type\":\"PropertyValueSpecification\",\"valueRequired\":true,\"valueName\":\"search_term_string\"}}],\"inLanguage\":\"ca\"},{\"@type\":\"Organization\",\"@id\":\"https:\/\/xativaturismo.com\/#organization\",\"name\":\"X\u00e0tiva Turismo\",\"url\":\"https:\/\/xativaturismo.com\/\",\"logo\":{\"@type\":\"ImageObject\",\"inLanguage\":\"ca\",\"@id\":\"https:\/\/xativaturismo.com\/#\/schema\/logo\/image\/\",\"url\":\"https:\/\/xativaturismo.com\/wp-content\/uploads\/2020\/10\/logo-lila512-2.png\",\"contentUrl\":\"https:\/\/xativaturismo.com\/wp-content\/uploads\/2020\/10\/logo-lila512-2.png\",\"width\":445,\"height\":512,\"caption\":\"X\u00e0tiva Turismo\"},\"image\":{\"@id\":\"https:\/\/xativaturismo.com\/#\/schema\/logo\/image\/\"},\"sameAs\":[\"https:\/\/www.facebook.com\/XativaTurisme\",\"https:\/\/x.com\/XativaTurisme\"]}]}<\/script>\n<!-- \/ Yoast SEO plugin. -->","yoast_head_json":{"title":"X\u00e0tiva Turisme - Una ciutat per sentir la hist\u00f2ria","description":"P\u00e0gina oficial de X\u00e0tiva Turisme. Informaci\u00f3 i guia per descobrir una ciutat declarada Conjunt Hist\u00f2ric Art\u00edstic.","robots":{"index":"index","follow":"follow","max-snippet":"max-snippet:-1","max-image-preview":"max-image-preview:large","max-video-preview":"max-video-preview:-1"},"canonical":"https:\/\/xativaturismo.com\/val\/","og_locale":"ca_ES","og_type":"article","og_title":"X\u00e0tiva Turisme - Una ciutat per sentir la historia","og_description":"P\u00e0gina oficial de X\u00e0tiva Turisme. Informaci\u00f3 i guia per descobrir una ciutat declarada Conjunt Hist\u00f2ric Art\u00edstic.","og_url":"https:\/\/xativaturismo.com\/val\/","og_site_name":"X\u00e0tiva Turismo","article_publisher":"https:\/\/www.facebook.com\/XativaTurisme","article_modified_time":"2026-04-29T13:23:47+00:00","og_image":[{"width":846,"height":480,"url":"https:\/\/xativaturismo.com\/wp-content\/uploads\/2016\/01\/castell-menor-8.jpg","type":"image\/jpeg"}],"twitter_card":"summary_large_image","twitter_title":"X\u00e0tiva Turisme - Una ciutat per sentir la hist\u00f2ria","twitter_description":"P\u00e0gina oficial de X\u00e0tiva Turisme. Informaci\u00f3 i guia per descobrir una ciutat declarada Conjunt Hist\u00f2ric Art\u00edstic.","twitter_image":"https:\/\/xativaturismo.com\/wp-content\/uploads\/2016\/01\/portada-web.jpg","twitter_site":"@XativaTurisme","twitter_misc":{"Est. reading time":"5 minutes"},"schema":{"@context":"https:\/\/schema.org","@graph":[{"@type":"WebPage","@id":"https:\/\/xativaturismo.com\/val\/","url":"https:\/\/xativaturismo.com\/val\/","name":"X\u00e0tiva Turisme - Una ciutat per sentir la hist\u00f2ria","isPartOf":{"@id":"https:\/\/xativaturismo.com\/#website"},"primaryImageOfPage":{"@id":"https:\/\/xativaturismo.com\/val\/#primaryimage"},"image":{"@id":"https:\/\/xativaturismo.com\/val\/#primaryimage"},"thumbnailUrl":"https:\/\/xativaturismo.com\/wp-content\/uploads\/2016\/01\/panoramica-02-2.jpg","datePublished":"2016-10-14T16:20:33+00:00","dateModified":"2026-04-29T13:23:47+00:00","description":"P\u00e0gina oficial de X\u00e0tiva Turisme. Informaci\u00f3 i guia per descobrir una ciutat declarada Conjunt Hist\u00f2ric Art\u00edstic.","breadcrumb":{"@id":"https:\/\/xativaturismo.com\/val\/#breadcrumb"},"inLanguage":"ca","potentialAction":[{"@type":"ReadAction","target":["https:\/\/xativaturismo.com\/val\/"]}]},{"@type":"ImageObject","inLanguage":"ca","@id":"https:\/\/xativaturismo.com\/val\/#primaryimage","url":"https:\/\/xativaturismo.com\/wp-content\/uploads\/2016\/01\/panoramica-02-2.jpg","contentUrl":"https:\/\/xativaturismo.com\/wp-content\/uploads\/2016\/01\/panoramica-02-2.jpg","width":1598,"height":906,"caption":"Vista panor\u00e0mica de X\u00e0tiva - X\u00e0tiva Turisme"},{"@type":"BreadcrumbList","@id":"https:\/\/xativaturismo.com\/val\/#breadcrumb","itemListElement":[{"@type":"ListItem","position":1,"name":"Portada","item":"https:\/\/xativaturismo.com\/val\/"},{"@type":"ListItem","position":2,"name":"Inici Copy"}]},{"@type":"WebSite","@id":"https:\/\/xativaturismo.com\/#website","url":"https:\/\/xativaturismo.com\/","name":"X\u00e0tiva Turismo","description":"Bienvenidos a la oficina de Turismo de X\u00e0tiva","publisher":{"@id":"https:\/\/xativaturismo.com\/#organization"},"potentialAction":[{"@type":"SearchAction","target":{"@type":"EntryPoint","urlTemplate":"https:\/\/xativaturismo.com\/?s={search_term_string}"},"query-input":{"@type":"PropertyValueSpecification","valueRequired":true,"valueName":"search_term_string"}}],"inLanguage":"ca"},{"@type":"Organization","@id":"https:\/\/xativaturismo.com\/#organization","name":"X\u00e0tiva Turismo","url":"https:\/\/xativaturismo.com\/","logo":{"@type":"ImageObject","inLanguage":"ca","@id":"https:\/\/xativaturismo.com\/#\/schema\/logo\/image\/","url":"https:\/\/xativaturismo.com\/wp-content\/uploads\/2020\/10\/logo-lila512-2.png","contentUrl":"https:\/\/xativaturismo.com\/wp-content\/uploads\/2020\/10\/logo-lila512-2.png","width":445,"height":512,"caption":"X\u00e0tiva Turismo"},"image":{"@id":"https:\/\/xativaturismo.com\/#\/schema\/logo\/image\/"},"sameAs":["https:\/\/www.facebook.com\/XativaTurisme","https:\/\/x.com\/XativaTurisme"]}]}},"_links":{"self":[{"href":"https:\/\/xativaturismo.com\/val\/wp-json\/wp\/v2\/pages\/11734","targetHints":{"allow":["GET"]}}],"collection":[{"href":"https:\/\/xativaturismo.com\/val\/wp-json\/wp\/v2\/pages"}],"about":[{"href":"https:\/\/xativaturismo.com\/val\/wp-json\/wp\/v2\/types\/page"}],"author":[{"embeddable":true,"href":"https:\/\/xativaturismo.com\/val\/wp-json\/wp\/v2\/users\/10"}],"replies":[{"embeddable":true,"href":"https:\/\/xativaturismo.com\/val\/wp-json\/wp\/v2\/comments?post=11734"}],"version-history":[{"count":105,"href":"https:\/\/xativaturismo.com\/val\/wp-json\/wp\/v2\/pages\/11734\/revisions"}],"predecessor-version":[{"id":771397,"href":"https:\/\/xativaturismo.com\/val\/wp-json\/wp\/v2\/pages\/11734\/revisions\/771397"}],"wp:featuredmedia":[{"embeddable":true,"href":"https:\/\/xativaturismo.com\/val\/wp-json\/wp\/v2\/media\/8031"}],"wp:attachment":[{"href":"https:\/\/xativaturismo.com\/val\/wp-json\/wp\/v2\/media?parent=11734"}],"curies":[{"name":"wp","href":"https:\/\/api.w.org\/{rel}","templated":true}]}}