{"id":10941,"date":"2016-01-07T08:47:06","date_gmt":"2016-01-07T07:47:06","guid":{"rendered":"https:\/\/xativaturismo.com\/val\/la-fira\/"},"modified":"2018-08-24T15:38:06","modified_gmt":"2018-08-24T15:38:06","slug":"fira-de-xativa","status":"publish","type":"page","link":"https:\/\/xativaturismo.com\/val\/fira-de-xativa\/","title":{"rendered":"La Fira de X\u00e0tiva"},"content":{"rendered":"<div class=\"wpb-content-wrapper\">[vc_row][vc_column][vc_raw_js]JTNDc2NyaXB0JTNFJTBBJTIwJTBBJTIwJTJGJTJGJTIwJTJBJTJBJTJBJTJBJTJBJTJBJTJBJTJBJTJBJTJBJTJBJTJBJTJBJTJBJTJBJTJBJTJBJTJBJTJBJTJBJTJBJTJBJTJBJTJBJTJBJTJBJTJBJTJBJTJBJTJBJTJBJTJBJTJBJTJBJTJBJTJBJTJBJTJBJTJBJTJBJTJBJTJBJTJBJTJBJTJBJTJBJTJBJTJBJTJBJTJBJTJBJTJBJTJBJTJBJTJBJTJBJTJBJTJBJTJBJTJBJTJBJTJBJTJBJTJBJTJGJTJGJTBBJTIwJTJGJTJGJTIwJTJBJTIwRnVuY2klQzMlQjNuJTNBJTIwc2hvd01hcGElMjglMjklMjAlMkElMkYlMkYlMEElMjAlMkYlMkYlMjAlMkElMjBEZXNjcmlwY2klQzMlQjNuJTNBJTIwQWJyZSUyMGVsJTIwbWFwYSUyMG5hdGl2byUyMGRlbCUyMGRpc3Bvc2l0aXZvJTIwbSVDMyVCM3ZpbCUyMCUyQSUyRiUyRiUwQSUyMCUyRiUyRiUyMCUyQSUyQSUyQSUyQSUyQSUyQSUyQSUyQSUyQSUyQSUyQSUyQSUyQSUyQSUyQSUyQSUyQSUyQSUyQSUyQSUyQSUyQSUyQSUyQSUyQSUyQSUyQSUyQSUyQSUyQSUyQSUyQSUyQSUyQSUyQSUyQSUyQSUyQSUyQSUyQSUyQSUyQSUyQSUyQSUyQSUyQSUyQSUyQSUyQSUyQSUyQSUyQSUyQSUyQSUyQSUyQSUyQSUyQSUyQSUyQSUyQSUyQSUyQSUyQSUyRiUyRiUwQSUyMCUwQSUyMHNob3dNYXAlM0RmdW5jdGlvbiUyOHElMjklMEElMjAlN0IlMEElMjB2YXIlMjBkZXZpY2UlMjAlM0QlMjBuYXZpZ2F0b3IudXNlckFnZW50JTNCJTBBJTIwdmFyJTIwdXJsJTIwJTNEJTIwJTI3aHR0cCUzQSUyRiUyRm1hcHMuZ29vZ2xlLmNvbSUzRmRhZGRyJTNEJTI3JTJCcSUzQiUwQSUyMGlmJTIwJTI4ZGV2aWNlLm1hdGNoJTI4JTJGSXBob25lJTJGaSUyOSUyMCU3QyU3QyUyMGRldmljZS5tYXRjaCUyOCUyRmlQaG9uZSU3Q2lQYWQlN0NpUG9kJTJGaSUyOSUyOSUwQSUyMCU3QiUwQSUyMCUyRiUyRiUyMGlPcyUwQSUyMHVybCUzRCUyN2h0dHAlM0ElMkYlMkZtYXBzLmFwcGxlLmNvbSUyRm1hcHMlM0ZzYWRkciUzREN1cnJlbnQlMjUyMExvY2F0aW9uJTI2ZGFkZHIlM0QlMjclMkJxJTNCJTBBJTIwJTdEJTBBJTIwZWxzZSUyMGlmJTI4ZGV2aWNlLm1hdGNoJTI4JTJGQW5kcm9pZCUyRmklMjklMjklMEElMjAlN0IlMEElMjAlMkYlMkYlMjBBbmRyb2lkJTBBJTIwdXJsJTNEJTI3Z2VvJTNBMCUyQzAlM0ZxJTNEJTI3JTJCcSUzQiUwQSUyMCU3RCUwQSUyMGVsc2UlMjBpZiUyOGRldmljZS5tYXRjaCUyOCUyRldpbmRvd3MlMjBQaG9uZSUyRmklMjklMjklMEElMjAlN0IlMEElMjAlMkYlMkYlMjB3aW5kb3dzJTIwcGhvbmUlMEElMjB1cmwlM0QlMjdtYXBzJTNBJTI3JTJCcSUzQiUwQSUyMCU3RCUwQSUyMCUwQSUyMHdpbmRvdy5sb2NhdGlvbi5ocmVmJTIwJTNEJTIwdXJsJTNCJTBBJTIwJTdEJTBBJTIwJTNDJTJGc2NyaXB0JTNFJTBBJTBB[\/vc_raw_js][\/vc_column][\/vc_row][mk_page_section bg_image=&#8221;https:\/\/xativaturismo.com\/wp-content\/uploads\/2016\/01\/fira-nit-2.jpg&#8221; bg_color=&#8221;#000000&#8243; bg_position=&#8221;center center&#8221; bg_repeat=&#8221;no-repeat&#8221; bg_stretch=&#8221;true&#8221; enable_3d=&#8221;true&#8221; speed_factor=&#8221;0.5&#8243; min_height=&#8221;1000&#8243; full_height=&#8221;true&#8221; padding_top=&#8221;200&#8243; visibility=&#8221;hidden-sm&#8221; el_class=&#8221;sombras&#8221; sidebar=&#8221;sidebar-1&#8243;][vc_column][vc_custom_heading text=&#8221;La Fira d&#8217;Agost&#8221; font_container=&#8221;tag:h1|font_size:3.125em|text_align:center|color:%23ffffff|line_height:1&#8243; google_fonts=&#8221;font_family:Libre%20Baskerville%3Aregular%2Citalic%2C700|font_style:700%20bold%20regular%3A700%3Anormal&#8221;][vc_separator color=&#8221;white&#8221; border_width=&#8221;3&#8243; el_width=&#8221;10&#8243;][mk_fancy_title color=&#8221;#ffffff&#8221; size=&#8221;25&#8243; font_weight=&#8221;400&#8243; font_style=&#8221;normal&#8221; txt_transform=&#8221;none&#8221; margin_bottom=&#8221;18&#8243; font_family=&#8221;Libre+Baskerville&#8221; font_type=&#8221;google&#8221; align=&#8221;center&#8221; animation=&#8221;fade-in&#8221;]Des de 1250 per privilegi de Jaume I[\/mk_fancy_title][mk_button corner_style=&#8221;rounded&#8221; size=&#8221;medium&#8221; url=&#8221;#primera&#8221; align=&#8221;center&#8221; bg_color=&#8221;#7c0707&#8243;]ENTRAR[\/mk_button][\/vc_column][\/mk_page_section][mk_page_section bg_image=&#8221;https:\/\/xativaturismo.com\/wp-content\/uploads\/2016\/01\/fira-nit-2.jpg&#8221; bg_color=&#8221;#000000&#8243; bg_position=&#8221;center center&#8221; bg_repeat=&#8221;no-repeat&#8221; bg_stretch=&#8221;true&#8221; enable_3d=&#8221;true&#8221; speed_factor=&#8221;0.5&#8243; min_height=&#8221;0&#8243; full_height=&#8221;true&#8221; padding_top=&#8221;120&#8243; visibility=&#8221;visible-sm&#8221; el_class=&#8221;sombras&#8221; sidebar=&#8221;sidebar-1&#8243;][vc_column][vc_custom_heading text=&#8221;La Fira d&#8217;Agost&#8221; font_container=&#8221;tag:h1|font_size:1.9em|text_align:center|color:%23ffffff|line_height:1.3&#8243; google_fonts=&#8221;font_family:Libre%20Baskerville%3Aregular%2Citalic%2C700|font_style:700%20bold%20regular%3A700%3Anormal&#8221;][vc_separator color=&#8221;white&#8221; border_width=&#8221;3&#8243; el_width=&#8221;10&#8243;][mk_fancy_title color=&#8221;#ffffff&#8221; size=&#8221;25&#8243; font_weight=&#8221;400&#8243; font_style=&#8221;normal&#8221; txt_transform=&#8221;none&#8221; margin_bottom=&#8221;18&#8243; font_family=&#8221;Libre+Baskerville&#8221; font_type=&#8221;google&#8221; align=&#8221;center&#8221; animation=&#8221;fade-in&#8221;]Des de 1250 per privilegi de Jaume I[\/mk_fancy_title][mk_button corner_style=&#8221;rounded&#8221; size=&#8221;medium&#8221; url=&#8221;#primera&#8221; align=&#8221;center&#8221; bg_color=&#8221;#7c0707&#8243;]ENTRAR[\/mk_button][\/vc_column][\/mk_page_section][mk_page_section bg_color=&#8221;#000000&#8243; min_height=&#8221;0&#8243; padding_top=&#8221;40&#8243; padding_bottom=&#8221;100&#8243; skip_arrow=&#8221;true&#8221; top_shape_color=&#8221;#ffffff&#8221; bottom_shape_color=&#8221;#ffffff&#8221; section_id=&#8221;primera&#8221; el_class=&#8221;fira-rojo&#8221; sidebar=&#8221;sidebar-1&#8243;][vc_column][vc_column_text align=&#8221;center&#8221;]\n<p style=\"text-align: center;\">La Fira de X\u00e0tiva, o Fira d&#8217;Agost, se celebra per privilegi de Jaume I des de l&#8217;any 1250. Durant uns dies X\u00e0tiva es converteix en capital d&#8217;una extensa \u00e0rea d&#8217;influ\u00e8ncia i els seus carrers s\u00f3n un riu de gent arribada de tot arreu. La inauguraci\u00f3, i la clausura, s\u00f3n tot un esdeveniment que se celebra amb nits de brillants espectacle.<\/p>\n<p style=\"text-align: center;\">La Fira t\u00e9 lloc entre el 15 i el 20 d&#8217;agost. En cinc dies en els carrers i places de X\u00e0tiva se combinen atraccions de fira, parades comercials i activitats culturals. La pres\u00e8ncia de bestiar, motiu original de la Fira, ha passat a un segon pla. D&#8217;entre les inacabables activitats destaquem les tradicionals albaes, el cl\u00e0ssic trofeu de de motociclisme, en circuit urb\u00e0, el cicle de teatre infantil o el recuperat Festival de la Can\u00e7\u00f3.<\/p>\n[\/vc_column_text][\/vc_column][\/mk_page_section][mk_page_section bg_image=&#8221;https:\/\/xativaturismo.com\/wp-content\/uploads\/2016\/01\/caballets-6.jpg&#8221; bg_color=&#8221;#000000&#8243; bg_position=&#8221;center center&#8221; bg_repeat=&#8221;no-repeat&#8221; bg_stretch=&#8221;true&#8221; enable_3d=&#8221;true&#8221; speed_factor=&#8221;0.5&#8243; min_height=&#8221;0&#8243; full_height=&#8221;true&#8221; padding_top=&#8221;20&#8243; padding_bottom=&#8221;20&#8243; sidebar=&#8221;sidebar-1&#8243;][vc_column][\/vc_column][\/mk_page_section][mk_page_section bg_color=&#8221;#000000&#8243; min_height=&#8221;0&#8243; padding_top=&#8221;40&#8243; padding_bottom=&#8221;100&#8243; skip_arrow=&#8221;true&#8221; top_shape_color=&#8221;#ffffff&#8221; bottom_shape_color=&#8221;#ffffff&#8221; section_id=&#8221;primera&#8221; el_class=&#8221;fira-rojo&#8221; sidebar=&#8221;sidebar-1&#8243;][vc_column][vc_custom_heading text=&#8221;Antiga fira del bestiar&#8221; font_container=&#8221;tag:h5|text_align:center|color:%23c9c9c9&#8243; use_theme_fonts=&#8221;yes&#8221;][vc_column_text align=&#8221;center&#8221;]\n<p style=\"text-align: center;\">En els seus or\u00edgens medievals la Fira es va dedicar, principalment, a la compravenda d&#8217;animals. Malgrat que la seua import\u00e0ncia comercial ha baixat notablement, la ciutat ha sabut conservar la Fira del Bestiar. Multitud de ramaders acudeixen puntualment cada mes d&#8217;agost, i concentra l&#8217;inter\u00e8s de milers de visitants.<\/p>\n<p>Ofereix una de les estampes m\u00e9s t\u00edpiques de la Fira, el concurs de Tir i Arrossegament. Es tracta d&#8217;un esport aut\u00f2cton valenci\u00e0, que consisteix en la cursa d&#8217;un cavall carregat amb un carro pel de sacs de sorra. Nascuda en la d\u00e8cada dels anys 40 del segle passat, quan la comen\u00e7aren a practicar els agricultors, aquesta pr\u00e0ctica tradicional ens recorda els temps en qu\u00e8 els animals de tir eren fonamentals per la vida agr\u00e0ria.<\/p>\n[\/vc_column_text][\/vc_column][\/mk_page_section][mk_page_section bg_image=&#8221;https:\/\/xativaturismo.com\/wp-content\/uploads\/2016\/01\/feria-1.jpg&#8221; bg_color=&#8221;#000000&#8243; bg_position=&#8221;right center&#8221; bg_repeat=&#8221;no-repeat&#8221; bg_stretch=&#8221;true&#8221; enable_3d=&#8221;true&#8221; speed_factor=&#8221;0.5&#8243; min_height=&#8221;0&#8243; full_height=&#8221;true&#8221; padding_top=&#8221;20&#8243; padding_bottom=&#8221;20&#8243; sidebar=&#8221;sidebar-1&#8243;][vc_column][\/vc_column][\/mk_page_section][mk_page_section bg_color=&#8221;#000000&#8243; bg_repeat=&#8221;no-repeat&#8221; min_height=&#8221;0&#8243; padding_top=&#8221;40&#8243; padding_bottom=&#8221;100&#8243; skip_arrow=&#8221;true&#8221; el_class=&#8221;fira-rojo&#8221; sidebar=&#8221;sidebar-1&#8243;][vc_column][vc_custom_heading text=&#8221;La veu de la terra&#8221; font_container=&#8221;tag:h5|text_align:center|color:%23c9c9c9&#8243; use_theme_fonts=&#8221;yes&#8221;][vc_column_text align=&#8221;center&#8221;]\n<p style=\"text-align: center;\">Activitats culturals per a tots els p\u00fablic complementen la Fira, amb la qual cosa la ciutat esdev\u00e9 focus d&#8217;atracci\u00f3 dia i nit. Per\u00f2 sens dubte una de les m\u00e9s genu\u00efnes \u00e9s la nit de les Albaes, cant tradicional valenci\u00e0, que se celebra la nit del 15 d&#8217;agost amb la Fira acabada d&#8217;inaugurar, i es repeteix la nit del 20. Tot un tresor antropol\u00f2gic.<\/p>\n<p>Els cantadors locals abandonen el rebombori de la Fira i es desplacen a la pla\u00e7a de Sant Pere, des d&#8217;on comencen un ins\u00f2lit torneig de cant improvisat que trencar\u00e0 el silenci dels carrerons i places que recorre la comitiva. Amb il\u00b7limitades dosis d&#8217;enginy, humor i ironia els cantadors revisen els problemes quotidians de la ciutat, i es desafien els uns als altres. Sempre amb dret a r\u00e8plica; la nit es pot allargar fins la matinada. L&#8217;espontane\u00eftat de la cultura popular s&#8217;expressa en estat pur, ritual col\u00b7lectiu per a conjurar les dificultats.[\/vc_column_text][\/vc_column][\/mk_page_section][mk_page_section bg_image=&#8221;https:\/\/xativaturismo.com\/wp-content\/uploads\/2016\/01\/ball.jpg&#8221; bg_color=&#8221;#000000&#8243; bg_position=&#8221;center center&#8221; bg_repeat=&#8221;no-repeat&#8221; bg_stretch=&#8221;true&#8221; enable_3d=&#8221;true&#8221; speed_factor=&#8221;0.5&#8243; min_height=&#8221;0&#8243; full_height=&#8221;true&#8221; padding_top=&#8221;20&#8243; padding_bottom=&#8221;20&#8243; sidebar=&#8221;sidebar-1&#8243;][vc_column][\/vc_column][\/mk_page_section][mk_page_section bg_color=&#8221;#000000&#8243; bg_repeat=&#8221;no-repeat&#8221; min_height=&#8221;0&#8243; padding_top=&#8221;40&#8243; padding_bottom=&#8221;100&#8243; skip_arrow=&#8221;true&#8221; el_class=&#8221;fira-rojo&#8221; sidebar=&#8221;sidebar-1&#8243;][vc_column][vc_custom_heading text=&#8221;Festa del motociclisme&#8221; font_container=&#8221;tag:h5|text_align:center|color:%23c9c9c9&#8243; use_theme_fonts=&#8221;yes&#8221;][vc_column_text align=&#8221;center&#8221;]\n<p style=\"text-align: center;\">Cada 15 d&#8217;agost se celebra el Trofeu de Velocitat Fira de X\u00e0tiva, una de les proves amb m\u00e9s encant del calendari motociclista. Aficionats arribats de tots els racons omplen els carrers per presenciar la competici\u00f3, la m\u00e9s antiga d&#8217;Espanya i una de les poques que encara es disputa en circuit urb\u00e0. Motociclisme amb sabor cl\u00e0ssic, per gaudir des de la proximitat.<\/p>\n<p style=\"text-align: center;\">El Trofeu l&#8217;organitza amb cura el club Moto Ruta X\u00e0tiva, i es disputat ininterrompudament des de 1951. Actualment se convoquen quatre categories, Cl\u00e0ssiques, 80 GP, 80 S\u00e8ries i Supermotard.<\/p>\n[\/vc_column_text][\/vc_column][\/mk_page_section][mk_page_section bg_image=&#8221;https:\/\/xativaturismo.com\/wp-content\/uploads\/2016\/01\/motos-2.jpg&#8221; bg_color=&#8221;#000000&#8243; bg_position=&#8221;center bottom&#8221; bg_repeat=&#8221;no-repeat&#8221; bg_stretch=&#8221;true&#8221; enable_3d=&#8221;true&#8221; min_height=&#8221;0&#8243; full_height=&#8221;true&#8221; padding_top=&#8221;20&#8243; padding_bottom=&#8221;20&#8243; sidebar=&#8221;sidebar-1&#8243;][vc_column][\/vc_column][\/mk_page_section][mk_page_section bg_color=&#8221;#000000&#8243; bg_repeat=&#8221;no-repeat&#8221; min_height=&#8221;0&#8243; padding_top=&#8221;40&#8243; padding_bottom=&#8221;100&#8243; skip_arrow=&#8221;true&#8221; el_class=&#8221;fira-rojo&#8221; sidebar=&#8221;sidebar-1&#8243;][vc_column][vc_custom_heading text=&#8221;La ciutat a escena<br \/>\n&#8221; font_container=&#8221;tag:h5|text_align:center|color:%23c9c9c9&#8243; use_theme_fonts=&#8221;yes&#8221;][vc_column_text align=&#8221;center&#8221;]\n<p style=\"text-align: center;\">Entre l&#8217;ampli ventall d&#8217;ofertes culturals destaquen la m\u00fasica i el teatre. Tots els dies de la Fira, per la vesprada i per la nit, hi ha espectacles per tots els gustos. Recentment s&#8217;ha recuperat el Festival de la Can\u00e7\u00f3, la celebraci\u00f3 del qual es va veure interrompuda durant anys. Amb m\u00e9s de vint edicions a les esquenes, representa una aposta per la m\u00fasica local i la cultura mediterr\u00e0nia, amb el segell de la qualitat.<\/p>\n[\/vc_column_text][\/vc_column][\/mk_page_section][mk_page_section bg_image=&#8221;https:\/\/xativaturismo.com\/wp-content\/uploads\/2016\/01\/concert-fira.jpg&#8221; bg_color=&#8221;#000000&#8243; bg_position=&#8221;center center&#8221; bg_repeat=&#8221;no-repeat&#8221; bg_stretch=&#8221;true&#8221; enable_3d=&#8221;true&#8221; speed_factor=&#8221;0.5&#8243; min_height=&#8221;0&#8243; full_height=&#8221;true&#8221; padding_top=&#8221;20&#8243; padding_bottom=&#8221;20&#8243; sidebar=&#8221;sidebar-1&#8243;][vc_column][\/vc_column][\/mk_page_section][mk_page_section bg_color=&#8221;#000000&#8243; bg_repeat=&#8221;no-repeat&#8221; min_height=&#8221;0&#8243; padding_top=&#8221;40&#8243; padding_bottom=&#8221;100&#8243; skip_arrow=&#8221;true&#8221; el_class=&#8221;fira-rojo&#8221; sidebar=&#8221;sidebar-1&#8243;][vc_column][vc_custom_heading text=&#8221;L&#8217;aroma del mercat medieval<br \/>\n&#8221; font_container=&#8221;tag:h5|text_align:center|color:%23c9c9c9&#8243; use_theme_fonts=&#8221;yes&#8221;][vc_column_text align=&#8221;center&#8221;]\n<p style=\"text-align: center;\">\u00c9s una tradici\u00f3 estiuenca acudir a X\u00e0tiva durant la celebraci\u00f3 de la Fira. Passejar per l&#8217;Albereda entre el bigarrat mosaic que formen els centenars de parades tradicionals, algunes transmeses de generaci\u00f3 en generaci\u00f3, \u00e9s una experi\u00e8ncia de les que no s&#8217;obliden. Sol fer calor? S\u00ed. Per aix\u00f2 mateix trobarem un variad\u00edssim repertori d&#8217;aperitius i refrescos, amb receptes que van des del t\u00edpic aigua-llim\u00f3 fins les propostes m\u00e9s sorprenents.<\/p>\n<p>El poder de convocat\u00f2ria se supera any rere any, amb una oferta comercial de tot tipus. Durant anys es va centrar en productes artesans: \u00e9s costum ben arrelada despla\u00e7ar-se a X\u00e0tiva i firar-se un bon garrot. Encara avui se&#8217;n troben a bond\u00f3, aix\u00ed com altres objectes de fusta, de fang, ventalls, utensilis de ferreteria i comestible. \u00c9s un regal pels sentits observar la parada de figues paleres fresques, on el seu propietari les serveix sols com a la Fira pot veure&#8217;s, amb un ofici heretat de pares i avis.<\/p>\n[\/vc_column_text][\/vc_column][\/mk_page_section][mk_page_section bg_image=&#8221;https:\/\/xativaturismo.com\/wp-content\/uploads\/2016\/01\/reial.jpg&#8221; bg_color=&#8221;#000000&#8243; bg_position=&#8221;center bottom&#8221; bg_repeat=&#8221;no-repeat&#8221; bg_stretch=&#8221;true&#8221; enable_3d=&#8221;true&#8221; speed_factor=&#8221;0.5&#8243; min_height=&#8221;0&#8243; full_height=&#8221;true&#8221; padding_top=&#8221;20&#8243; padding_bottom=&#8221;20&#8243; sidebar=&#8221;sidebar-1&#8243;][vc_column][\/vc_column][\/mk_page_section][mk_page_section bg_color=&#8221;#000000&#8243; bg_repeat=&#8221;no-repeat&#8221; min_height=&#8221;50&#8243; padding_top=&#8221;0&#8243; padding_bottom=&#8221;0&#8243; el_class=&#8221;fira-rojo&#8221; sidebar=&#8221;sidebar-1&#8243;][vc_column][\/vc_column][\/mk_page_section]\n<\/div>","protected":false},"excerpt":{"rendered":"<p>[vc_row][vc_column][vc_raw_js]JTNDc2NyaXB0JTNFJTBBJTIwJTBBJTIwJTJGJTJGJTIwJTJBJTJBJTJBJTJBJTJBJTJBJTJBJTJBJTJBJTJBJTJBJTJBJTJBJTJBJTJBJTJBJTJBJTJBJTJBJTJBJTJBJTJBJTJBJTJBJTJBJTJBJTJBJTJBJTJBJTJBJTJBJTJBJTJBJTJBJTJBJTJBJTJBJTJBJTJBJTJBJTJBJTJBJTJBJTJBJTJBJTJBJTJBJTJBJTJBJTJBJTJBJTJBJTJBJTJBJTJBJTJBJTJBJTJBJTJBJTJBJTJBJTJBJTJBJTJBJTJGJTJGJTBBJTIwJTJGJTJGJTIwJTJBJTIwRnVuY2klQzMlQjNuJTNBJTIwc2hvd01hcGElMjglMjklMjAlMkElMkYlMkYlMEElMjAlMkYlMkYlMjAlMkElMjBEZXNjcmlwY2klQzMlQjNuJTNBJTIwQWJyZSUyMGVsJTIwbWFwYSUyMG5hdGl2byUyMGRlbCUyMGRpc3Bvc2l0aXZvJTIwbSVDMyVCM3ZpbCUyMCUyQSUyRiUyRiUwQSUyMCUyRiUyRiUyMCUyQSUyQSUyQSUyQSUyQSUyQSUyQSUyQSUyQSUyQSUyQSUyQSUyQSUyQSUyQSUyQSUyQSUyQSUyQSUyQSUyQSUyQSUyQSUyQSUyQSUyQSUyQSUyQSUyQSUyQSUyQSUyQSUyQSUyQSUyQSUyQSUyQSUyQSUyQSUyQSUyQSUyQSUyQSUyQSUyQSUyQSUyQSUyQSUyQSUyQSUyQSUyQSUyQSUyQSUyQSUyQSUyQSUyQSUyQSUyQSUyQSUyQSUyQSUyQSUyRiUyRiUwQSUyMCUwQSUyMHNob3dNYXAlM0RmdW5jdGlvbiUyOHElMjklMEElMjAlN0IlMEElMjB2YXIlMjBkZXZpY2UlMjAlM0QlMjBuYXZpZ2F0b3IudXNlckFnZW50JTNCJTBBJTIwdmFyJTIwdXJsJTIwJTNEJTIwJTI3aHR0cCUzQSUyRiUyRm1hcHMuZ29vZ2xlLmNvbSUzRmRhZGRyJTNEJTI3JTJCcSUzQiUwQSUyMGlmJTIwJTI4ZGV2aWNlLm1hdGNoJTI4JTJGSXBob25lJTJGaSUyOSUyMCU3QyU3QyUyMGRldmljZS5tYXRjaCUyOCUyRmlQaG9uZSU3Q2lQYWQlN0NpUG9kJTJGaSUyOSUyOSUwQSUyMCU3QiUwQSUyMCUyRiUyRiUyMGlPcyUwQSUyMHVybCUzRCUyN2h0dHAlM0ElMkYlMkZtYXBzLmFwcGxlLmNvbSUyRm1hcHMlM0ZzYWRkciUzREN1cnJlbnQlMjUyMExvY2F0aW9uJTI2ZGFkZHIlM0QlMjclMkJxJTNCJTBBJTIwJTdEJTBBJTIwZWxzZSUyMGlmJTI4ZGV2aWNlLm1hdGNoJTI4JTJGQW5kcm9pZCUyRmklMjklMjklMEElMjAlN0IlMEElMjAlMkYlMkYlMjBBbmRyb2lkJTBBJTIwdXJsJTNEJTI3Z2VvJTNBMCUyQzAlM0ZxJTNEJTI3JTJCcSUzQiUwQSUyMCU3RCUwQSUyMGVsc2UlMjBpZiUyOGRldmljZS5tYXRjaCUyOCUyRldpbmRvd3MlMjBQaG9uZSUyRmklMjklMjklMEElMjAlN0IlMEElMjAlMkYlMkYlMjB3aW5kb3dzJTIwcGhvbmUlMEElMjB1cmwlM0QlMjdtYXBzJTNBJTI3JTJCcSUzQiUwQSUyMCU3RCUwQSUyMCUwQSUyMHdpbmRvdy5sb2NhdGlvbi5ocmVmJTIwJTNEJTIwdXJsJTNCJTBBJTIwJTdEJTBBJTIwJTNDJTJGc2NyaXB0JTNFJTBBJTBB[\/vc_raw_js][\/vc_column][\/vc_row][mk_page_section bg_image=&#8221;https:\/\/xativaturismo.com\/wp-content\/uploads\/2016\/01\/fira-nit-2.jpg&#8221; bg_color=&#8221;#000000&#8243; bg_position=&#8221;center center&#8221; bg_repeat=&#8221;no-repeat&#8221; bg_stretch=&#8221;true&#8221; enable_3d=&#8221;true&#8221; speed_factor=&#8221;0.5&#8243; min_height=&#8221;1000&#8243; full_height=&#8221;true&#8221; padding_top=&#8221;200&#8243; visibility=&#8221;hidden-sm&#8221; el_class=&#8221;sombras&#8221; sidebar=&#8221;sidebar-1&#8243;][vc_column][vc_custom_heading text=&#8221;La Fira d&#8217;Agost&#8221; font_container=&#8221;tag:h1|font_size:3.125em|text_align:center|color:%23ffffff|line_height:1&#8243; google_fonts=&#8221;font_family:Libre%20Baskerville%3Aregular%2Citalic%2C700|font_style:700%20bold%20regular%3A700%3Anormal&#8221;][vc_separator color=&#8221;white&#8221; border_width=&#8221;3&#8243; el_width=&#8221;10&#8243;][mk_fancy_title color=&#8221;#ffffff&#8221; size=&#8221;25&#8243; font_weight=&#8221;400&#8243; font_style=&#8221;normal&#8221; txt_transform=&#8221;none&#8221; margin_bottom=&#8221;18&#8243; font_family=&#8221;Libre+Baskerville&#8221; [&hellip;]<\/p>\n","protected":false},"author":10,"featured_media":6834,"parent":0,"menu_order":0,"comment_status":"closed","ping_status":"closed","template":"","meta":{"_price":"","_stock":"","_tribe_ticket_header":"","_tribe_default_ticket_provider":"","_ticket_start_date":"","_ticket_end_date":"","_tribe_ticket_show_description":"","_tribe_ticket_show_not_going":false,"_tribe_ticket_use_global_stock":"","_tribe_ticket_global_stock_level":"","_global_stock_mode":"","_global_stock_cap":"","_tribe_rsvp_for_event":"","_tribe_ticket_going_count":"","_tribe_ticket_not_going_count":"","_tribe_tickets_list":"[]","_tribe_ticket_has_attendee_info_fields":false,"footnotes":""},"class_list":["post-10941","page","type-page","status-publish","has-post-thumbnail","hentry"],"yoast_head":"<!-- This site is optimized with the Yoast SEO plugin v27.0 - https:\/\/yoast.com\/product\/yoast-seo-wordpress\/ -->\n<title>La Fira de X\u00e0tiva - X\u00e0tiva Turismo<\/title>\n<meta name=\"description\" content=\"La Fira de X\u00e0tiva se celebra entre el 15 i el 20 d&#039;agost. Els carrers plens de gom a gom amb fira, parades comercials, activitats culturals...\" \/>\n<meta name=\"robots\" content=\"index, follow, max-snippet:-1, max-image-preview:large, max-video-preview:-1\" \/>\n<link rel=\"canonical\" href=\"https:\/\/xativaturismo.com\/val\/fira-de-xativa\/\" \/>\n<meta property=\"og:locale\" content=\"ca_ES\" \/>\n<meta property=\"og:type\" content=\"article\" \/>\n<meta property=\"og:title\" content=\"La Fira de X\u00e0tiva\" \/>\n<meta property=\"og:description\" content=\"La Fira de X\u00e0tiva se celebra entre el 15 i el 20 d&#039;agost. Els carrers plens de gom a gom amb fira, parades comercials, activitats culturals...\" \/>\n<meta property=\"og:url\" content=\"https:\/\/xativaturismo.com\/val\/fira-de-xativa\/\" \/>\n<meta property=\"og:site_name\" content=\"X\u00e0tiva Turismo\" \/>\n<meta property=\"article:publisher\" content=\"https:\/\/www.facebook.com\/XativaTurisme\" \/>\n<meta property=\"article:modified_time\" content=\"2018-08-24T15:38:06+00:00\" \/>\n<meta property=\"og:image\" content=\"https:\/\/xativaturismo.com\/wp-content\/uploads\/2016\/01\/fira-dia.jpg\" \/>\n\t<meta property=\"og:image:width\" content=\"1598\" \/>\n\t<meta property=\"og:image:height\" content=\"906\" \/>\n\t<meta property=\"og:image:type\" content=\"image\/jpeg\" \/>\n<meta name=\"twitter:card\" content=\"summary_large_image\" \/>\n<meta name=\"twitter:title\" content=\"La Fira de X\u00e0tiva\" \/>\n<meta name=\"twitter:description\" content=\"La Fira de X\u00e0tiva se celebra entre el 15 i el 20 d&#039;agost. Els carrers plens de gom a gom amb fira, parades comercials, activitats culturals...\" \/>\n<meta name=\"twitter:image\" content=\"https:\/\/xativaturismo.com\/wp-content\/uploads\/2016\/01\/fira-dia.jpg\" \/>\n<meta name=\"twitter:site\" content=\"@XativaTurisme\" \/>\n<meta name=\"twitter:label1\" content=\"Est. reading time\" \/>\n\t<meta name=\"twitter:data1\" content=\"9 minutes\" \/>\n<script type=\"application\/ld+json\" class=\"yoast-schema-graph\">{\"@context\":\"https:\/\/schema.org\",\"@graph\":[{\"@type\":\"WebPage\",\"@id\":\"https:\/\/xativaturismo.com\/val\/fira-de-xativa\/\",\"url\":\"https:\/\/xativaturismo.com\/val\/fira-de-xativa\/\",\"name\":\"La Fira de X\u00e0tiva - X\u00e0tiva Turismo\",\"isPartOf\":{\"@id\":\"https:\/\/xativaturismo.com\/#website\"},\"primaryImageOfPage\":{\"@id\":\"https:\/\/xativaturismo.com\/val\/fira-de-xativa\/#primaryimage\"},\"image\":{\"@id\":\"https:\/\/xativaturismo.com\/val\/fira-de-xativa\/#primaryimage\"},\"thumbnailUrl\":\"https:\/\/xativaturismo.com\/wp-content\/uploads\/2016\/01\/caballets-6.jpg\",\"datePublished\":\"2016-01-07T07:47:06+00:00\",\"dateModified\":\"2018-08-24T15:38:06+00:00\",\"description\":\"La Fira de X\u00e0tiva se celebra entre el 15 i el 20 d'agost. Els carrers plens de gom a gom amb fira, parades comercials, activitats culturals...\",\"breadcrumb\":{\"@id\":\"https:\/\/xativaturismo.com\/val\/fira-de-xativa\/#breadcrumb\"},\"inLanguage\":\"ca\",\"potentialAction\":[{\"@type\":\"ReadAction\",\"target\":[\"https:\/\/xativaturismo.com\/val\/fira-de-xativa\/\"]}]},{\"@type\":\"ImageObject\",\"inLanguage\":\"ca\",\"@id\":\"https:\/\/xativaturismo.com\/val\/fira-de-xativa\/#primaryimage\",\"url\":\"https:\/\/xativaturismo.com\/wp-content\/uploads\/2016\/01\/caballets-6.jpg\",\"contentUrl\":\"https:\/\/xativaturismo.com\/wp-content\/uploads\/2016\/01\/caballets-6.jpg\",\"width\":1598,\"height\":906},{\"@type\":\"BreadcrumbList\",\"@id\":\"https:\/\/xativaturismo.com\/val\/fira-de-xativa\/#breadcrumb\",\"itemListElement\":[{\"@type\":\"ListItem\",\"position\":1,\"name\":\"Portada\",\"item\":\"https:\/\/xativaturismo.com\/val\/\"},{\"@type\":\"ListItem\",\"position\":2,\"name\":\"La Fira de X\u00e0tiva\"}]},{\"@type\":\"WebSite\",\"@id\":\"https:\/\/xativaturismo.com\/#website\",\"url\":\"https:\/\/xativaturismo.com\/\",\"name\":\"X\u00e0tiva Turismo\",\"description\":\"Bienvenidos a la oficina de Turismo de X\u00e0tiva\",\"publisher\":{\"@id\":\"https:\/\/xativaturismo.com\/#organization\"},\"potentialAction\":[{\"@type\":\"SearchAction\",\"target\":{\"@type\":\"EntryPoint\",\"urlTemplate\":\"https:\/\/xativaturismo.com\/?s={search_term_string}\"},\"query-input\":{\"@type\":\"PropertyValueSpecification\",\"valueRequired\":true,\"valueName\":\"search_term_string\"}}],\"inLanguage\":\"ca\"},{\"@type\":\"Organization\",\"@id\":\"https:\/\/xativaturismo.com\/#organization\",\"name\":\"X\u00e0tiva Turismo\",\"url\":\"https:\/\/xativaturismo.com\/\",\"logo\":{\"@type\":\"ImageObject\",\"inLanguage\":\"ca\",\"@id\":\"https:\/\/xativaturismo.com\/#\/schema\/logo\/image\/\",\"url\":\"https:\/\/xativaturismo.com\/wp-content\/uploads\/2020\/10\/logo-lila512-2.png\",\"contentUrl\":\"https:\/\/xativaturismo.com\/wp-content\/uploads\/2020\/10\/logo-lila512-2.png\",\"width\":445,\"height\":512,\"caption\":\"X\u00e0tiva Turismo\"},\"image\":{\"@id\":\"https:\/\/xativaturismo.com\/#\/schema\/logo\/image\/\"},\"sameAs\":[\"https:\/\/www.facebook.com\/XativaTurisme\",\"https:\/\/x.com\/XativaTurisme\"]}]}<\/script>\n<!-- \/ Yoast SEO plugin. -->","yoast_head_json":{"title":"La Fira de X\u00e0tiva - X\u00e0tiva Turismo","description":"La Fira de X\u00e0tiva se celebra entre el 15 i el 20 d'agost. Els carrers plens de gom a gom amb fira, parades comercials, activitats culturals...","robots":{"index":"index","follow":"follow","max-snippet":"max-snippet:-1","max-image-preview":"max-image-preview:large","max-video-preview":"max-video-preview:-1"},"canonical":"https:\/\/xativaturismo.com\/val\/fira-de-xativa\/","og_locale":"ca_ES","og_type":"article","og_title":"La Fira de X\u00e0tiva","og_description":"La Fira de X\u00e0tiva se celebra entre el 15 i el 20 d'agost. Els carrers plens de gom a gom amb fira, parades comercials, activitats culturals...","og_url":"https:\/\/xativaturismo.com\/val\/fira-de-xativa\/","og_site_name":"X\u00e0tiva Turismo","article_publisher":"https:\/\/www.facebook.com\/XativaTurisme","article_modified_time":"2018-08-24T15:38:06+00:00","og_image":[{"width":1598,"height":906,"url":"https:\/\/xativaturismo.com\/wp-content\/uploads\/2016\/01\/fira-dia.jpg","type":"image\/jpeg"}],"twitter_card":"summary_large_image","twitter_title":"La Fira de X\u00e0tiva","twitter_description":"La Fira de X\u00e0tiva se celebra entre el 15 i el 20 d'agost. Els carrers plens de gom a gom amb fira, parades comercials, activitats culturals...","twitter_image":"https:\/\/xativaturismo.com\/wp-content\/uploads\/2016\/01\/fira-dia.jpg","twitter_site":"@XativaTurisme","twitter_misc":{"Est. reading time":"9 minutes"},"schema":{"@context":"https:\/\/schema.org","@graph":[{"@type":"WebPage","@id":"https:\/\/xativaturismo.com\/val\/fira-de-xativa\/","url":"https:\/\/xativaturismo.com\/val\/fira-de-xativa\/","name":"La Fira de X\u00e0tiva - X\u00e0tiva Turismo","isPartOf":{"@id":"https:\/\/xativaturismo.com\/#website"},"primaryImageOfPage":{"@id":"https:\/\/xativaturismo.com\/val\/fira-de-xativa\/#primaryimage"},"image":{"@id":"https:\/\/xativaturismo.com\/val\/fira-de-xativa\/#primaryimage"},"thumbnailUrl":"https:\/\/xativaturismo.com\/wp-content\/uploads\/2016\/01\/caballets-6.jpg","datePublished":"2016-01-07T07:47:06+00:00","dateModified":"2018-08-24T15:38:06+00:00","description":"La Fira de X\u00e0tiva se celebra entre el 15 i el 20 d'agost. Els carrers plens de gom a gom amb fira, parades comercials, activitats culturals...","breadcrumb":{"@id":"https:\/\/xativaturismo.com\/val\/fira-de-xativa\/#breadcrumb"},"inLanguage":"ca","potentialAction":[{"@type":"ReadAction","target":["https:\/\/xativaturismo.com\/val\/fira-de-xativa\/"]}]},{"@type":"ImageObject","inLanguage":"ca","@id":"https:\/\/xativaturismo.com\/val\/fira-de-xativa\/#primaryimage","url":"https:\/\/xativaturismo.com\/wp-content\/uploads\/2016\/01\/caballets-6.jpg","contentUrl":"https:\/\/xativaturismo.com\/wp-content\/uploads\/2016\/01\/caballets-6.jpg","width":1598,"height":906},{"@type":"BreadcrumbList","@id":"https:\/\/xativaturismo.com\/val\/fira-de-xativa\/#breadcrumb","itemListElement":[{"@type":"ListItem","position":1,"name":"Portada","item":"https:\/\/xativaturismo.com\/val\/"},{"@type":"ListItem","position":2,"name":"La Fira de X\u00e0tiva"}]},{"@type":"WebSite","@id":"https:\/\/xativaturismo.com\/#website","url":"https:\/\/xativaturismo.com\/","name":"X\u00e0tiva Turismo","description":"Bienvenidos a la oficina de Turismo de X\u00e0tiva","publisher":{"@id":"https:\/\/xativaturismo.com\/#organization"},"potentialAction":[{"@type":"SearchAction","target":{"@type":"EntryPoint","urlTemplate":"https:\/\/xativaturismo.com\/?s={search_term_string}"},"query-input":{"@type":"PropertyValueSpecification","valueRequired":true,"valueName":"search_term_string"}}],"inLanguage":"ca"},{"@type":"Organization","@id":"https:\/\/xativaturismo.com\/#organization","name":"X\u00e0tiva Turismo","url":"https:\/\/xativaturismo.com\/","logo":{"@type":"ImageObject","inLanguage":"ca","@id":"https:\/\/xativaturismo.com\/#\/schema\/logo\/image\/","url":"https:\/\/xativaturismo.com\/wp-content\/uploads\/2020\/10\/logo-lila512-2.png","contentUrl":"https:\/\/xativaturismo.com\/wp-content\/uploads\/2020\/10\/logo-lila512-2.png","width":445,"height":512,"caption":"X\u00e0tiva Turismo"},"image":{"@id":"https:\/\/xativaturismo.com\/#\/schema\/logo\/image\/"},"sameAs":["https:\/\/www.facebook.com\/XativaTurisme","https:\/\/x.com\/XativaTurisme"]}]}},"_links":{"self":[{"href":"https:\/\/xativaturismo.com\/val\/wp-json\/wp\/v2\/pages\/10941","targetHints":{"allow":["GET"]}}],"collection":[{"href":"https:\/\/xativaturismo.com\/val\/wp-json\/wp\/v2\/pages"}],"about":[{"href":"https:\/\/xativaturismo.com\/val\/wp-json\/wp\/v2\/types\/page"}],"author":[{"embeddable":true,"href":"https:\/\/xativaturismo.com\/val\/wp-json\/wp\/v2\/users\/10"}],"replies":[{"embeddable":true,"href":"https:\/\/xativaturismo.com\/val\/wp-json\/wp\/v2\/comments?post=10941"}],"version-history":[{"count":0,"href":"https:\/\/xativaturismo.com\/val\/wp-json\/wp\/v2\/pages\/10941\/revisions"}],"wp:featuredmedia":[{"embeddable":true,"href":"https:\/\/xativaturismo.com\/val\/wp-json\/wp\/v2\/media\/6834"}],"wp:attachment":[{"href":"https:\/\/xativaturismo.com\/val\/wp-json\/wp\/v2\/media?parent=10941"}],"curies":[{"name":"wp","href":"https:\/\/api.w.org\/{rel}","templated":true}]}}